{"id":10167,"date":"2024-09-24T10:42:57","date_gmt":"2024-09-24T14:42:57","guid":{"rendered":"https:\/\/e-impaqc.com\/?page_id=10167"},"modified":"2024-12-12T10:41:16","modified_gmt":"2024-12-12T15:41:16","slug":"after-treatment-body-image","status":"publish","type":"page","link":"https:\/\/e-impaqc.com\/fr\/after-treatment-body-image\/","title":{"rendered":"After treatment: Body image"},"content":{"rendered":"<div data-elementor-type=\"wp-page\" data-elementor-id=\"10167\" class=\"elementor elementor-10167\">\n\t\t\t\t\t\t<section class=\"elementor-section elementor-top-section elementor-element elementor-element-4f332f87 elementor-section-stretched elementor-section-full_width elementor-section-height-default elementor-section-height-default\" data-id=\"4f332f87\" data-element_type=\"section\" data-e-type=\"section\" data-settings=\"{&quot;background_background&quot;:&quot;classic&quot;,&quot;stretch_section&quot;:&quot;section-stretched&quot;}\">\n\t\t\t\t\t\t<div class=\"elementor-container elementor-column-gap-default\">\n\t\t\t\t\t<div class=\"elementor-column elementor-col-100 elementor-top-column elementor-element elementor-element-1103b621\" data-id=\"1103b621\" data-element_type=\"column\" data-e-type=\"column\" data-settings=\"{&quot;background_background&quot;:&quot;gradient&quot;}\">\n\t\t\t<div class=\"elementor-widget-wrap elementor-element-populated\">\n\t\t\t\t\t\t<div class=\"elementor-element elementor-element-61dbd987 elementor-widget elementor-widget-heading\" data-id=\"61dbd987\" data-element_type=\"widget\" data-e-type=\"widget\" data-widget_type=\"heading.default\">\n\t\t\t\t<div class=\"elementor-widget-container\">\n\t\t\t\t\t<h1 class=\"elementor-heading-title elementor-size-default\">Apr\u00e8s traitement : L\u2019image corporelle<\/h1>\t\t\t\t<\/div>\n\t\t\t\t<\/div>\n\t\t\t\t\t<\/div>\n\t\t<\/div>\n\t\t\t\t\t<\/div>\n\t\t<\/section>\n\t\t\t\t<section class=\"elementor-section elementor-top-section elementor-element elementor-element-2d9b4da6 elementor-section-boxed elementor-section-height-default elementor-section-height-default\" data-id=\"2d9b4da6\" data-element_type=\"section\" data-e-type=\"section\">\n\t\t\t\t\t\t<div class=\"elementor-container elementor-column-gap-default\">\n\t\t\t\t\t<div class=\"elementor-column elementor-col-100 elementor-top-column elementor-element elementor-element-57c78064\" data-id=\"57c78064\" data-element_type=\"column\" data-e-type=\"column\">\n\t\t\t<div class=\"elementor-widget-wrap elementor-element-populated\">\n\t\t\t\t\t\t<div class=\"elementor-element elementor-element-7c0c51e7 elementor-widget elementor-widget-spacer\" data-id=\"7c0c51e7\" data-element_type=\"widget\" data-e-type=\"widget\" data-widget_type=\"spacer.default\">\n\t\t\t\t<div class=\"elementor-widget-container\">\n\t\t\t\t\t\t\t<div class=\"elementor-spacer\">\n\t\t\t<div class=\"elementor-spacer-inner\"><\/div>\n\t\t<\/div>\n\t\t\t\t\t\t<\/div>\n\t\t\t\t<\/div>\n\t\t\t\t<div class=\"elementor-element elementor-element-40a3e16a elementor-widget elementor-widget-menu-anchor\" data-id=\"40a3e16a\" data-element_type=\"widget\" data-e-type=\"widget\" data-widget_type=\"menu-anchor.default\">\n\t\t\t\t<div class=\"elementor-widget-container\">\n\t\t\t\t\t\t\t<div class=\"elementor-menu-anchor\" id=\"at-body-image-page\"><\/div>\n\t\t\t\t\t\t<\/div>\n\t\t\t\t<\/div>\n\t\t\t\t<div class=\"elementor-element elementor-element-25cc5503 elementor-widget elementor-widget-text-editor\" data-id=\"25cc5503\" data-element_type=\"widget\" data-e-type=\"widget\" data-widget_type=\"text-editor.default\">\n\t\t\t\t<div class=\"elementor-widget-container\">\n\t\t\t\t\t\t\t\t\t<p style=\"text-align: right;\"><a href=\"https:\/\/e-impaqc.com\/wp-content\/uploads\/2022\/06\/e-IMPAQc_Body_Image_FR.pdf\" target=\"_blank\" rel=\"\u201cnoopener\"><i class=\"fas fa-print\"><\/i> <u>Version PDF<\/u><\/a><\/p>\t\t\t\t\t\t\t\t<\/div>\n\t\t\t\t<\/div>\n\t\t\t\t\t<\/div>\n\t\t<\/div>\n\t\t\t\t\t<\/div>\n\t\t<\/section>\n\t\t\t\t<section class=\"elementor-section elementor-top-section elementor-element elementor-element-42466f60 elementor-section-stretched elementor-section-boxed elementor-section-height-default elementor-section-height-default\" data-id=\"42466f60\" data-element_type=\"section\" data-e-type=\"section\" data-settings=\"{&quot;stretch_section&quot;:&quot;section-stretched&quot;}\">\n\t\t\t\t\t\t<div class=\"elementor-container elementor-column-gap-wider\">\n\t\t\t\t\t<div class=\"elementor-column elementor-col-33 elementor-top-column elementor-element elementor-element-404bdb9b elementor-hidden-phone symptom-menu\" data-id=\"404bdb9b\" data-element_type=\"column\" data-e-type=\"column\">\n\t\t\t<div class=\"elementor-widget-wrap\">\n\t\t\t\t\t\t\t<\/div>\n\t\t<\/div>\n\t\t\t\t<div class=\"elementor-column elementor-col-66 elementor-top-column elementor-element elementor-element-71ba000b\" data-id=\"71ba000b\" data-element_type=\"column\" data-e-type=\"column\">\n\t\t\t<div class=\"elementor-widget-wrap elementor-element-populated\">\n\t\t\t\t\t\t<section class=\"elementor-section elementor-inner-section elementor-element elementor-element-336ecc6 elementor-section-boxed elementor-section-height-default elementor-section-height-default\" data-id=\"336ecc6\" data-element_type=\"section\" data-e-type=\"section\">\n\t\t\t\t\t\t<div class=\"elementor-container elementor-column-gap-default\">\n\t\t\t\t\t<div class=\"elementor-column elementor-col-33 elementor-inner-column elementor-element elementor-element-44cbb33\" data-id=\"44cbb33\" data-element_type=\"column\" data-e-type=\"column\">\n\t\t\t<div class=\"elementor-widget-wrap elementor-element-populated\">\n\t\t\t\t\t\t<div class=\"elementor-element elementor-element-5853cce0 elementor-widget elementor-widget-image\" data-id=\"5853cce0\" data-element_type=\"widget\" data-e-type=\"widget\" data-widget_type=\"image.default\">\n\t\t\t\t<div class=\"elementor-widget-container\">\n\t\t\t\t\t\t\t\t\t\t\t\t\t\t\t<img fetchpriority=\"high\" decoding=\"async\" width=\"300\" height=\"289\" src=\"https:\/\/e-impaqc.com\/wp-content\/uploads\/2024\/09\/body1-300x289.png\" class=\"attachment-medium size-medium wp-image-10199\" alt=\"\" srcset=\"https:\/\/e-impaqc.com\/wp-content\/uploads\/2024\/09\/body1-300x289.png 300w, https:\/\/e-impaqc.com\/wp-content\/uploads\/2024\/09\/body1-12x12.png 12w, https:\/\/e-impaqc.com\/wp-content\/uploads\/2024\/09\/body1.png 320w\" sizes=\"(max-width: 300px) 100vw, 300px\" \/>\t\t\t\t\t\t\t\t\t\t\t\t\t\t\t<\/div>\n\t\t\t\t<\/div>\n\t\t\t\t\t<\/div>\n\t\t<\/div>\n\t\t\t\t<div class=\"elementor-column elementor-col-66 elementor-inner-column elementor-element elementor-element-24c69876\" data-id=\"24c69876\" data-element_type=\"column\" data-e-type=\"column\">\n\t\t\t<div class=\"elementor-widget-wrap elementor-element-populated\">\n\t\t\t\t\t\t<div class=\"elementor-element elementor-element-710043b9 elementor-widget elementor-widget-testimonial\" data-id=\"710043b9\" data-element_type=\"widget\" data-e-type=\"widget\" data-widget_type=\"testimonial.default\">\n\t\t\t\t<div class=\"elementor-widget-container\">\n\t\t\t\t\t\t\t<div class=\"elementor-testimonial-wrapper\">\n\t\t\t\t\t\t\t<div class=\"elementor-testimonial-content\">\u00ab Mon traitement contre le cancer a entra\u00een\u00e9 des changements dans mon corps. Est-ce que je me sentirai \u00e0 nouveau moi-m\u00eame un jour\u2009? \u00bb<\/div>\n\t\t\t\n\t\t\t\t\t\t<div class=\"elementor-testimonial-meta\">\n\t\t\t\t<div class=\"elementor-testimonial-meta-inner\">\n\t\t\t\t\t\n\t\t\t\t\t\t\t\t\t\t<div class=\"elementor-testimonial-details\">\n\t\t\t\t\t\t\t\t\t\t\t\t\t\t<div class=\"elementor-testimonial-name\">Roxanne, 32<\/div>\n\t\t\t\t\t\t\t\t\t\t\t\t\t\t\t\t\t\t\t\t\t\t<div class=\"elementor-testimonial-job\">Survivante d\u2019un cancer du sein<\/div>\n\t\t\t\t\t\t\t\t\t\t\t\t\t<\/div>\n\t\t\t\t\t\t\t\t\t<\/div>\n\t\t\t<\/div>\n\t\t\t\t\t<\/div>\n\t\t\t\t\t\t<\/div>\n\t\t\t\t<\/div>\n\t\t\t\t\t<\/div>\n\t\t<\/div>\n\t\t\t\t\t<\/div>\n\t\t<\/section>\n\t\t\t\t<div class=\"elementor-element elementor-element-7e6cadf2 elementor-widget elementor-widget-spacer\" data-id=\"7e6cadf2\" data-element_type=\"widget\" data-e-type=\"widget\" data-widget_type=\"spacer.default\">\n\t\t\t\t<div class=\"elementor-widget-container\">\n\t\t\t\t\t\t\t<div class=\"elementor-spacer\">\n\t\t\t<div class=\"elementor-spacer-inner\"><\/div>\n\t\t<\/div>\n\t\t\t\t\t\t<\/div>\n\t\t\t\t<\/div>\n\t\t\t\t<section class=\"elementor-section elementor-inner-section elementor-element elementor-element-59b42b9b elementor-section-boxed elementor-section-height-default elementor-section-height-default\" data-id=\"59b42b9b\" data-element_type=\"section\" data-e-type=\"section\">\n\t\t\t\t\t\t<div class=\"elementor-container elementor-column-gap-default\">\n\t\t\t\t\t<div class=\"elementor-column elementor-col-100 elementor-inner-column elementor-element elementor-element-3588d035\" data-id=\"3588d035\" data-element_type=\"column\" data-e-type=\"column\">\n\t\t\t<div class=\"elementor-widget-wrap elementor-element-populated\">\n\t\t\t\t\t\t<div class=\"elementor-element elementor-element-461ea5d elementor-widget elementor-widget-wp-widget-nav_menu\" data-id=\"461ea5d\" data-element_type=\"widget\" data-e-type=\"widget\" data-widget_type=\"wp-widget-nav_menu.default\">\n\t\t\t\t<div class=\"elementor-widget-container\">\n\t\t\t\t\t<h5>Sujets abord\u00e9s sur cette page :<\/h5><div class=\"menu-at-body-image-container\"><ul id=\"menu-at-body-image\" class=\"menu\"><li id=\"menu-item-10173\" class=\"menu-item menu-item-type-post_type menu-item-object-page menu-item-has-children menu-item-10173\"><a href=\"https:\/\/e-impaqc.com\/fr\/gestion-des-symptomes\/\">\u21e6 Retour au Gestion des sympt\u00f4mes<\/a>\n<ul class=\"sub-menu\">\n\t<li id=\"menu-item-10174\" class=\"menu-item menu-item-type-custom menu-item-object-custom menu-item-has-children menu-item-10174\"><a href=\"#at-body-image-page\">Image corporelle<\/a>\n\t<ul class=\"sub-menu\">\n\t\t<li id=\"menu-item-10175\" class=\"menu-item menu-item-type-custom menu-item-object-custom menu-item-10175\"><a href=\"#at-why-problems-body-image\">En quoi les changements de mon apparence physique pourraient-ils \u00eatre un probl\u00e8me apr\u00e8s mon traitement contre le cancer\u2009?<\/a><\/li>\n\t\t<li id=\"menu-item-10176\" class=\"menu-item menu-item-type-custom menu-item-object-custom menu-item-10176\"><a href=\"#at-what-can-I-do-to-manage-body-image\">Que puis-je faire pour g\u00e9rer les changements dans mon image corporelle\u2009?<\/a><\/li>\n\t\t<li id=\"menu-item-10218\" class=\"menu-item menu-item-type-custom menu-item-object-custom menu-item-10218\"><a href=\"#at-body-image-services\">Services Disponibles<\/a><\/li>\n\t\t<li id=\"menu-item-10222\" class=\"menu-item menu-item-type-custom menu-item-object-custom menu-item-10222\"><a href=\"#at-body-image-locater\">Localisateurs de services<\/a><\/li>\n\t<\/ul>\n<\/li>\n<\/ul>\n<\/li>\n<\/ul><\/div>\t\t\t\t<\/div>\n\t\t\t\t<\/div>\n\t\t\t\t\t<\/div>\n\t\t<\/div>\n\t\t\t\t\t<\/div>\n\t\t<\/section>\n\t\t\t\t<div class=\"elementor-element elementor-element-757d10b2 elementor-widget elementor-widget-spacer\" data-id=\"757d10b2\" data-element_type=\"widget\" data-e-type=\"widget\" data-widget_type=\"spacer.default\">\n\t\t\t\t<div class=\"elementor-widget-container\">\n\t\t\t\t\t\t\t<div class=\"elementor-spacer\">\n\t\t\t<div class=\"elementor-spacer-inner\"><\/div>\n\t\t<\/div>\n\t\t\t\t\t\t<\/div>\n\t\t\t\t<\/div>\n\t\t\t\t<div class=\"elementor-element elementor-element-7b00afbb elementor-widget elementor-widget-menu-anchor\" data-id=\"7b00afbb\" data-element_type=\"widget\" data-e-type=\"widget\" data-widget_type=\"menu-anchor.default\">\n\t\t\t\t<div class=\"elementor-widget-container\">\n\t\t\t\t\t\t\t<div class=\"elementor-menu-anchor\" id=\"at-why-problems-body-image\"><\/div>\n\t\t\t\t\t\t<\/div>\n\t\t\t\t<\/div>\n\t\t\t\t<div class=\"elementor-element elementor-element-404baa15 elementor-widget elementor-widget-heading\" data-id=\"404baa15\" data-element_type=\"widget\" data-e-type=\"widget\" data-widget_type=\"heading.default\">\n\t\t\t\t<div class=\"elementor-widget-container\">\n\t\t\t\t\t<h2 class=\"elementor-heading-title elementor-size-default\">En quoi les changements de mon apparence physique pourraient-ils \u00eatre un probl\u00e8me apr\u00e8s mon traitement contre le cancer\u2009?<\/h2>\t\t\t\t<\/div>\n\t\t\t\t<\/div>\n\t\t\t\t<div class=\"elementor-element elementor-element-3dec427 elementor-widget elementor-widget-text-editor\" data-id=\"3dec427\" data-element_type=\"widget\" data-e-type=\"widget\" data-widget_type=\"text-editor.default\">\n\t\t\t\t<div class=\"elementor-widget-container\">\n\t\t\t\t\t\t\t\t\t<p>L\u2019image corporelle repose en grande partie sur la perception que nous avons de notre propre corps. Certaines personnes peuvent avoir des convictions au sujet de leur apparence. Cela pourrait impliquer l\u2019attractivit\u00e9 qu\u2019une personne pense avoir. Cela pourrait inclure le degr\u00e9 d'aisance que nous \u00e9prouvons face \u00e0 notre corps. Et cela pourrait aussi inclure la confiance que nous avons en notre pouvoir de contr\u00f4ler le fonctionnement de notre corps.<\/p><p>Le cancer et ses traitements peuvent influencer la fa\u00e7on dont vous faites face aux transformations qui surviennent dans votre corps. Il y a des changements visibles, ce sont ceux que vous et les autres pouvez constater. Il y a des changements non visibles, ce sont ceux que les autres ne peuvent pas voir. Ceux-l\u00e0 proviennent de ce que votre corps \u00e9prouve et de la fa\u00e7on dont il r\u00e9agit. Il est normal d'\u00eatre contrari\u00e9 par ces bouleversements. Certaines mesures peuvent \u00eatre prises pour vous aider \u00e0 faire face \u00e0 ces changements qu\u2019ils soient visibles ou non visibles. Voici quelques dispositions \u00e0 prendre pour vous aider \u00e0 vous sentir mieux dans votre peau.<\/p><p><strong>Types de changements visibles qui peuvent se produire<\/strong><\/p><p>Les types de changements caus\u00e9s par le cancer ou par les traitements anticanc\u00e9reux varient d'une personne \u00e0 l'autre. Les changements visibles ou physiques courants sont les suivants :<\/p><ul><li>Cicatrices d'une intervention chirurgicale<\/li><li>Perte de cheveux<\/li><li>Gonflement ou changement de la taille ou de la forme d'une partie du corps<\/li><li>Changements cutan\u00e9s tels que rougeurs, d\u00e9mangeaisons, sensibilit\u00e9 ou douleur dans la zone de traitement<\/li><li>Prise ou perte de poids<\/li><li>Probl\u00e8mes d'\u00e9quilibre, de motricit\u00e9 ou d'activit\u00e9 physique<\/li><li>Faiblesse musculaire ou <a href=\"https:\/\/e-impaqc.com\/fr\/apres-traitement-fatigue\/\"><u>fatigue<\/u> <\/a>qui ne dispara\u00eet pas<\/li><li>Changements dans les fonctions sexuelles. Pour les hommes, cela peut inclure des probl\u00e8mes \u00e9rectiles. Pour les femmes, cela peut inclure la s\u00e9cheresse vaginale, l'infertilit\u00e9 et la m\u00e9nopause pr\u00e9coce.<\/li><\/ul><p class=\"translation-block\">Ces changements peuvent \u00eatre temporaires ou permanents. Il est important de parler avec votre \u00e9quipe de soins des transformations que vous ressentez. Votre \u00e9quipe de soins peut vous aider \u00e0 trouver des moyens de les g\u00e9rer. Voir, <a href=\"https:\/\/e-impaqc.com\/wp-content\/uploads\/2020\/10\/e-IMPAQc_Communiquer.pdf\" target=\"_self\">Communiquer avec l'\u00e9quipe soignante.<\/a><\/p>\t\t\t\t\t\t\t\t<\/div>\n\t\t\t\t<\/div>\n\t\t\t\t<div class=\"elementor-element elementor-element-555ebc58 elementor-widget elementor-widget-spacer\" data-id=\"555ebc58\" data-element_type=\"widget\" data-e-type=\"widget\" data-widget_type=\"spacer.default\">\n\t\t\t\t<div class=\"elementor-widget-container\">\n\t\t\t\t\t\t\t<div class=\"elementor-spacer\">\n\t\t\t<div class=\"elementor-spacer-inner\"><\/div>\n\t\t<\/div>\n\t\t\t\t\t\t<\/div>\n\t\t\t\t<\/div>\n\t\t\t\t<div class=\"elementor-element elementor-element-30257db elementor-widget elementor-widget-image\" data-id=\"30257db\" data-element_type=\"widget\" data-e-type=\"widget\" data-widget_type=\"image.default\">\n\t\t\t\t<div class=\"elementor-widget-container\">\n\t\t\t\t\t\t\t\t\t\t\t\t\t\t\t<img decoding=\"async\" width=\"300\" height=\"272\" src=\"https:\/\/e-impaqc.com\/wp-content\/uploads\/2024\/09\/body2-300x272.png\" class=\"attachment-medium size-medium wp-image-10202\" alt=\"\" srcset=\"https:\/\/e-impaqc.com\/wp-content\/uploads\/2024\/09\/body2-300x272.png 300w, https:\/\/e-impaqc.com\/wp-content\/uploads\/2024\/09\/body2-13x12.png 13w, https:\/\/e-impaqc.com\/wp-content\/uploads\/2024\/09\/body2.png 410w\" sizes=\"(max-width: 300px) 100vw, 300px\" \/>\t\t\t\t\t\t\t\t\t\t\t\t\t\t\t<\/div>\n\t\t\t\t<\/div>\n\t\t\t\t<div class=\"elementor-element elementor-element-6de72c7 elementor-widget elementor-widget-text-editor\" data-id=\"6de72c7\" data-element_type=\"widget\" data-e-type=\"widget\" data-widget_type=\"text-editor.default\">\n\t\t\t\t<div class=\"elementor-widget-container\">\n\t\t\t\t\t\t\t\t\t<p><strong>De quelle mani\u00e8re cela peut-il m\u2019affecter\u2009?<\/strong><strong>\u00a0<\/strong><\/p><p><strong>Changements visibles<\/strong><\/p><p>Face aux changements visibles, l\u2019image refl\u00e9t\u00e9e par votre miroir peut vous faire sentir inconfortable. Vous vous inqui\u00e9tez peut-\u00eatre des remarques que les gens feront quand ils constateront ces changements. Cela peut affecter la fa\u00e7on dont vous interagissez avec les autres et peut m\u00eame vous emp\u00eacher de faire des choses que vous aimez. Il y a des moyens de g\u00e9rer les commentaires sur votre corps.<\/p><p>Consultez les \u00e9tapes suivantes pour vous pr\u00e9parer \u00e0 contr\u00f4ler la conversation :<\/p><ul><li>Pr\u00e9parez-vous \u00e0 recevoir des remarques ou des questions de la part de vos amis et coll\u00e8gues. Il est possible qu\u2019ils commentent les changements qu'ils voient ou qu'ils passent des remarques sur votre apparence.<\/li><li>D\u00e9cidez de la fa\u00e7on dont vous voulez leur r\u00e9pondre avant qu'ils abordent le sujet.<\/li><li>Vous pouvez simplement r\u00e9pondre en disant que vous n'\u00eates pas pr\u00eat \u00e0 en discuter.<\/li><\/ul><p><strong>Changements non visibles<\/strong><\/p><p>Souvent, les autres ne voient pas les changements que vous voyez et ressentez. Il s'agit notamment de la fatigue, de l'inconfort ou des cicatrices cach\u00e9es qui peuvent vous faire vous sentir diff\u00e9rent de vous-m\u00eames. Il peut \u00e9galement y avoir une perte d'int\u00e9r\u00eat pour la sexualit\u00e9.<\/p><p>L'apparence physique peut avoir un impact sur votre identit\u00e9. Vous constaterez peut-\u00eatre que vous ne pouvez plus faire tout ce que vous faisiez auparavant. Vous n'aimerez peut-\u00eatre pas le fait d\u2019\u00eatre incapable de faire certaines de vos activit\u00e9s habituelles. Vous remarquerez peut-\u00eatre que vous avez moins de contr\u00f4le. Il est important de prendre le temps de s'adapter aux changements de votre corps. Rappelez-vous que vous \u00eates toujours vous-m\u00eame. Essayez de d\u00e9couvrir de nouvelles choses qui pourraient vous plaire.<\/p><p>Vous trouverez certains produits con\u00e7us pour vous aider \u00e0 r\u00e9affirmer votre identit\u00e9 apr\u00e8s une mastectomie <a href=\"https:\/\/medicus.ca\/en\/our-products\/orthotics-prosthetics\/breast-prostheses-and-post-operative-clothing\/\">,<\/a>.<\/p>\t\t\t\t\t\t\t\t<\/div>\n\t\t\t\t<\/div>\n\t\t\t\t<div class=\"elementor-element elementor-element-8a3ed1e elementor-widget elementor-widget-image\" data-id=\"8a3ed1e\" data-element_type=\"widget\" data-e-type=\"widget\" data-widget_type=\"image.default\">\n\t\t\t\t<div class=\"elementor-widget-container\">\n\t\t\t\t\t\t\t\t\t\t\t\t\t\t\t<img decoding=\"async\" width=\"300\" height=\"272\" src=\"https:\/\/e-impaqc.com\/wp-content\/uploads\/2024\/09\/body3-300x272.png\" class=\"attachment-medium size-medium wp-image-10201\" alt=\"\" srcset=\"https:\/\/e-impaqc.com\/wp-content\/uploads\/2024\/09\/body3-300x272.png 300w, https:\/\/e-impaqc.com\/wp-content\/uploads\/2024\/09\/body3-13x12.png 13w, https:\/\/e-impaqc.com\/wp-content\/uploads\/2024\/09\/body3.png 420w\" sizes=\"(max-width: 300px) 100vw, 300px\" \/>\t\t\t\t\t\t\t\t\t\t\t\t\t\t\t<\/div>\n\t\t\t\t<\/div>\n\t\t\t\t<div class=\"elementor-element elementor-element-6c6717c elementor-widget elementor-widget-text-editor\" data-id=\"6c6717c\" data-element_type=\"widget\" data-e-type=\"widget\" data-widget_type=\"text-editor.default\">\n\t\t\t\t<div class=\"elementor-widget-container\">\n\t\t\t\t\t\t\t\t\t<p><strong>Est-ce que cela s\u2019am\u00e9liorera\u2009?<\/strong><\/p><p>Certains changements sont temporaires et votre apparence physique pourra s'am\u00e9liorer. Pour les changements permanents, vous pourriez avoir besoin de plus de temps pour accepter votre nouveau corps. C'est normal. Au fur et \u00e0 mesure que vous apprendrez \u00e0 vivre avec votre nouvelle image corporelle, vous vous sentirez moins n\u00e9gatif envers vous-m\u00eame. Avec le temps, les sentiments \u00e0 l'\u00e9gard de votre apparence peuvent devenir positifs et les transformations de votre corps peuvent repr\u00e9senter votre force et votre survie.<\/p><p>Soyez patient avec vous-m\u00eame. Chaque personne atteint l'acceptation du changement \u00e0 son propre rythme. Dans la section ci-dessous, vous trouverez des moyens d\u2019y faire face plus facilement.<\/p>\t\t\t\t\t\t\t\t<\/div>\n\t\t\t\t<\/div>\n\t\t\t\t<div class=\"elementor-element elementor-element-50df739d elementor-widget elementor-widget-menu-anchor\" data-id=\"50df739d\" data-element_type=\"widget\" data-e-type=\"widget\" data-widget_type=\"menu-anchor.default\">\n\t\t\t\t<div class=\"elementor-widget-container\">\n\t\t\t\t\t\t\t<div class=\"elementor-menu-anchor\" id=\"at-what-can-I-do-to-manage-body-image\"><\/div>\n\t\t\t\t\t\t<\/div>\n\t\t\t\t<\/div>\n\t\t\t\t<div class=\"elementor-element elementor-element-56a8fc42 elementor-widget elementor-widget-image\" data-id=\"56a8fc42\" data-element_type=\"widget\" data-e-type=\"widget\" data-widget_type=\"image.default\">\n\t\t\t\t<div class=\"elementor-widget-container\">\n\t\t\t\t\t\t\t\t\t\t\t\t\t\t\t<img loading=\"lazy\" decoding=\"async\" width=\"300\" height=\"272\" src=\"https:\/\/e-impaqc.com\/wp-content\/uploads\/2024\/09\/body4-300x272.png\" class=\"attachment-medium size-medium wp-image-10200\" alt=\"\" srcset=\"https:\/\/e-impaqc.com\/wp-content\/uploads\/2024\/09\/body4-300x272.png 300w, https:\/\/e-impaqc.com\/wp-content\/uploads\/2024\/09\/body4-13x12.png 13w, https:\/\/e-impaqc.com\/wp-content\/uploads\/2024\/09\/body4.png 370w\" sizes=\"(max-width: 300px) 100vw, 300px\" \/>\t\t\t\t\t\t\t\t\t\t\t\t\t\t\t<\/div>\n\t\t\t\t<\/div>\n\t\t\t\t<div class=\"elementor-element elementor-element-754b90b6 elementor-widget elementor-widget-heading\" data-id=\"754b90b6\" data-element_type=\"widget\" data-e-type=\"widget\" data-widget_type=\"heading.default\">\n\t\t\t\t<div class=\"elementor-widget-container\">\n\t\t\t\t\t<h2 class=\"elementor-heading-title elementor-size-default\">Que puis-je faire pour g\u00e9rer les changements dans mon image corporelle\u2009? <\/h2>\t\t\t\t<\/div>\n\t\t\t\t<\/div>\n\t\t\t\t<div class=\"elementor-element elementor-element-61f00cc elementor-widget elementor-widget-text-editor\" data-id=\"61f00cc\" data-element_type=\"widget\" data-e-type=\"widget\" data-widget_type=\"text-editor.default\">\n\t\t\t\t<div class=\"elementor-widget-container\">\n\t\t\t\t\t\t\t\t\t<p><img loading=\"lazy\" decoding=\"async\" class=\"wp-image-10415 alignleft\" src=\"https:\/\/e-impaqc.com\/wp-content\/uploads\/2024\/11\/Picture1-1.png\" alt=\"\" width=\"23\" height=\"23\" srcset=\"https:\/\/e-impaqc.com\/wp-content\/uploads\/2024\/11\/Picture1-1.png 50w, https:\/\/e-impaqc.com\/wp-content\/uploads\/2024\/11\/Picture1-1-12x12.png 12w\" sizes=\"(max-width: 23px) 100vw, 23px\" \/><strong>Changements non visibles<\/strong>:<br \/>Vous aurez peut-\u00eatre du mal \u00e0 faire face \u00e0 ces changements. Essayez de penser aux transformations qui surviennent \u00e0 votre corps comme n\u2019\u00e9tant pas toutes n\u00e9gatives. Il peut \u00eatre b\u00e9n\u00e9fique d'essayer de garder une attitude positive. Ces changements peuvent aussi vous rendre plus conscient de votre corps et vous permettre de reconna\u00eetre tout ce qu'il peut faire. Cela peut m\u00eame vous inciter \u00e0 adopter un mode de vie plus sain (bien manger et bouger plus).<\/p><p>Voici quelques ressources \u00e0 utiliser lorsque vous faites face \u00e0 des changements non visibles :<\/p><p><strong>Soutien psychosocial :<\/strong> psychologue, travailleur social ou sexologue.<\/p><p><strong>Groupes de soutien :<\/strong> s\u00e9ance individuelle ou en groupe pour partager avec d'autres sur des probl\u00e8mes communs et des strat\u00e9gies d\u2019adaptation.<\/p><p><strong>Nutritionniste :<\/strong> pour r\u00e9pondre aux questions sur la saine alimentation.<\/p><p><strong>La Soci\u00e9t\u00e9 canadienne du cancer :<\/strong> voir la section Outils ci-dessous<\/p><p><strong><img loading=\"lazy\" decoding=\"async\" class=\"wp-image-10416 alignleft\" src=\"https:\/\/e-impaqc.com\/wp-content\/uploads\/2024\/11\/Picture2-1.png\" alt=\"\" width=\"28\" height=\"28\" srcset=\"https:\/\/e-impaqc.com\/wp-content\/uploads\/2024\/11\/Picture2-1.png 54w, https:\/\/e-impaqc.com\/wp-content\/uploads\/2024\/11\/Picture2-1-12x12.png 12w\" sizes=\"(max-width: 28px) 100vw, 28px\" \/>Changements visibles ou physiques<\/strong>:<br \/>Le tableau ci-dessous pr\u00e9sente diff\u00e9rentes mesures \u00e0 utiliser pour g\u00e9rer ou r\u00e9duire les changements corporels. Ce sont des moyens qui peuvent vous aider \u00e0 faire face aux changements de votre apparence physique. Veuillez discuter avec votre \u00e9quipe de soins des strat\u00e9gies qui vous conviennent le mieux.<\/p><p>Votre \u00e9quipe de soins peut vous aider \u00e0 mieux g\u00e9rer les changements de l'image que vous avez de vous-m\u00eame. Ils peuvent \u00e9galement vous assister pour trouver des groupes de soutien. Vous aurez l\u2019occasion de partager votre v\u00e9cu avec d'autres personnes. Comme les participants font face aux m\u00eames difficult\u00e9s que vous, vous pourrez raconter votre histoire et apprendre comment d'autres s'en sortent.\n\n\nDe plus, vous trouverez des publications, des ateliers (virtuels et en personne) et des produits gratuits <a href=\"https:\/\/lgfb.ca\/en\/\">.<\/a><\/p><p>En cliquant sur les liens suivants, vous pouvez aussi lire ce <a href=\"https:\/\/www.macmillan.org.uk\/cancer-information-and-support\/stories-and-media\/booklets\/feel-more-like-you\">livre<\/a> ou ce <a href=\"https:\/\/www.macmillan.org.uk\/cancer-information-and-support\/stories-and-media\/audiobooks\/body-image-and-cancer\">vid\u00e9o<\/a> pour mieux comprendre les changements de l\u2019apparence physique et obtenir des conseils pour mieux les g\u00e9r\u00e9s.<\/p>\t\t\t\t\t\t\t\t<\/div>\n\t\t\t\t<\/div>\n\t\t\t\t<section class=\"elementor-section elementor-inner-section elementor-element elementor-element-24c130f elementor-section-boxed elementor-section-height-default elementor-section-height-default\" data-id=\"24c130f\" data-element_type=\"section\" data-e-type=\"section\">\n\t\t\t\t\t\t<div class=\"elementor-container elementor-column-gap-default\">\n\t\t\t\t\t<div class=\"elementor-column elementor-col-33 elementor-inner-column elementor-element elementor-element-c7a6c63\" data-id=\"c7a6c63\" data-element_type=\"column\" data-e-type=\"column\">\n\t\t\t<div class=\"elementor-widget-wrap elementor-element-populated\">\n\t\t\t\t\t\t<div class=\"elementor-element elementor-element-be95f92 elementor-widget elementor-widget-heading\" data-id=\"be95f92\" data-element_type=\"widget\" data-e-type=\"widget\" data-widget_type=\"heading.default\">\n\t\t\t\t<div class=\"elementor-widget-container\">\n\t\t\t\t\t<h2 class=\"elementor-heading-title elementor-size-default\">Changements physiques et ce que vous pouvez faire<\/h2>\t\t\t\t<\/div>\n\t\t\t\t<\/div>\n\t\t\t\t\t<\/div>\n\t\t<\/div>\n\t\t\t\t<div class=\"elementor-column elementor-col-66 elementor-inner-column elementor-element elementor-element-77be287\" data-id=\"77be287\" data-element_type=\"column\" data-e-type=\"column\">\n\t\t\t<div class=\"elementor-widget-wrap elementor-element-populated\">\n\t\t\t\t\t\t\t<\/div>\n\t\t<\/div>\n\t\t\t\t\t<\/div>\n\t\t<\/section>\n\t\t\t\t<div class=\"elementor-element elementor-element-51a35ca elementor-widget elementor-widget-toggle\" data-id=\"51a35ca\" data-element_type=\"widget\" data-e-type=\"widget\" data-widget_type=\"toggle.default\">\n\t\t\t\t<div class=\"elementor-widget-container\">\n\t\t\t\t\t\t\t<div class=\"elementor-toggle\">\n\t\t\t\t\t\t\t<div class=\"elementor-toggle-item\">\n\t\t\t\t\t<div id=\"elementor-tab-title-8561\" class=\"elementor-tab-title\" data-tab=\"1\" role=\"button\" aria-controls=\"elementor-tab-content-8561\" aria-expanded=\"false\">\n\t\t\t\t\t\t\t\t\t\t\t\t<span class=\"elementor-toggle-icon elementor-toggle-icon-left\" aria-hidden=\"true\">\n\t\t\t\t\t\t\t\t\t\t\t\t\t\t\t<span class=\"elementor-toggle-icon-closed\"><i class=\"fas fa-plus\"><\/i><\/span>\n\t\t\t\t\t\t\t\t<span class=\"elementor-toggle-icon-opened\"><i class=\"elementor-toggle-icon-opened fas fa-minus\"><\/i><\/span>\n\t\t\t\t\t\t\t\t\t\t\t\t\t<\/span>\n\t\t\t\t\t\t\t\t\t\t\t\t<a class=\"elementor-toggle-title\" tabindex=\"0\">Perte de cheveux (alopecia)<\/a>\n\t\t\t\t\t<\/div>\n\n\t\t\t\t\t<div id=\"elementor-tab-content-8561\" class=\"elementor-tab-content elementor-clearfix\" data-tab=\"1\" role=\"region\" aria-labelledby=\"elementor-tab-title-8561\"><ul><li>Portez un couvre-chef tel qu'un chapeau, une \u00e9charpe ou une perruque.<\/li><\/ul><\/div>\n\t\t\t\t<\/div>\n\t\t\t\t\t\t\t<div class=\"elementor-toggle-item\">\n\t\t\t\t\t<div id=\"elementor-tab-title-8562\" class=\"elementor-tab-title\" data-tab=\"2\" role=\"button\" aria-controls=\"elementor-tab-content-8562\" aria-expanded=\"false\">\n\t\t\t\t\t\t\t\t\t\t\t\t<span class=\"elementor-toggle-icon elementor-toggle-icon-left\" aria-hidden=\"true\">\n\t\t\t\t\t\t\t\t\t\t\t\t\t\t\t<span class=\"elementor-toggle-icon-closed\"><i class=\"fas fa-plus\"><\/i><\/span>\n\t\t\t\t\t\t\t\t<span class=\"elementor-toggle-icon-opened\"><i class=\"elementor-toggle-icon-opened fas fa-minus\"><\/i><\/span>\n\t\t\t\t\t\t\t\t\t\t\t\t\t<\/span>\n\t\t\t\t\t\t\t\t\t\t\t\t<a class=\"elementor-toggle-title\" tabindex=\"0\">Cheveux secs, minces ou cassants<\/a>\n\t\t\t\t\t<\/div>\n\n\t\t\t\t\t<div id=\"elementor-tab-content-8562\" class=\"elementor-tab-content elementor-clearfix\" data-tab=\"2\" role=\"region\" aria-labelledby=\"elementor-tab-title-8562\"><ul><li>N'utilisez que des produits capillaires doux et un shampooing non m\u00e9dicamenteux.<\/li><li>Utilisez un peigne \u00e0 dents larges et commencez \u00e0 peigner vos cheveux \u00e0 partir des pointes et travaillez vers le haut.<\/li><li>Utilisez des brosses \u00e0 cheveux avec des dents tr\u00e8s espac\u00e9es plut\u00f4t que des poils serr\u00e9s.<\/li><\/ul><\/div>\n\t\t\t\t<\/div>\n\t\t\t\t\t\t\t<div class=\"elementor-toggle-item\">\n\t\t\t\t\t<div id=\"elementor-tab-title-8563\" class=\"elementor-tab-title\" data-tab=\"3\" role=\"button\" aria-controls=\"elementor-tab-content-8563\" aria-expanded=\"false\">\n\t\t\t\t\t\t\t\t\t\t\t\t<span class=\"elementor-toggle-icon elementor-toggle-icon-left\" aria-hidden=\"true\">\n\t\t\t\t\t\t\t\t\t\t\t\t\t\t\t<span class=\"elementor-toggle-icon-closed\"><i class=\"fas fa-plus\"><\/i><\/span>\n\t\t\t\t\t\t\t\t<span class=\"elementor-toggle-icon-opened\"><i class=\"elementor-toggle-icon-opened fas fa-minus\"><\/i><\/span>\n\t\t\t\t\t\t\t\t\t\t\t\t\t<\/span>\n\t\t\t\t\t\t\t\t\t\t\t\t<a class=\"elementor-toggle-title\" tabindex=\"0\">Probl\u00e8mes des ongles<\/a>\n\t\t\t\t\t<\/div>\n\n\t\t\t\t\t<div id=\"elementor-tab-content-8563\" class=\"elementor-tab-content elementor-clearfix\" data-tab=\"3\" role=\"region\" aria-labelledby=\"elementor-tab-title-8563\"><ul><li>Portez des gants de protection lorsque vous faites le m\u00e9nage ou le jardinage.<\/li><li>Gardez les ongles de vos doigts et de vos orteils courts.<\/li><li>Hydratez r\u00e9guli\u00e8rement vos mains et vos pieds, en particulier autour des ongles.<\/li><\/ul><\/div>\n\t\t\t\t<\/div>\n\t\t\t\t\t\t\t<div class=\"elementor-toggle-item\">\n\t\t\t\t\t<div id=\"elementor-tab-title-8564\" class=\"elementor-tab-title\" data-tab=\"4\" role=\"button\" aria-controls=\"elementor-tab-content-8564\" aria-expanded=\"false\">\n\t\t\t\t\t\t\t\t\t\t\t\t<span class=\"elementor-toggle-icon elementor-toggle-icon-left\" aria-hidden=\"true\">\n\t\t\t\t\t\t\t\t\t\t\t\t\t\t\t<span class=\"elementor-toggle-icon-closed\"><i class=\"fas fa-plus\"><\/i><\/span>\n\t\t\t\t\t\t\t\t<span class=\"elementor-toggle-icon-opened\"><i class=\"elementor-toggle-icon-opened fas fa-minus\"><\/i><\/span>\n\t\t\t\t\t\t\t\t\t\t\t\t\t<\/span>\n\t\t\t\t\t\t\t\t\t\t\t\t<a class=\"elementor-toggle-title\" tabindex=\"0\">Peau s\u00e8che<\/a>\n\t\t\t\t\t<\/div>\n\n\t\t\t\t\t<div id=\"elementor-tab-content-8564\" class=\"elementor-tab-content elementor-clearfix\" data-tab=\"4\" role=\"region\" aria-labelledby=\"elementor-tab-title-8564\"><ul><li class=\"translation-block\">Lavez votre peau \u00e0 l'eau ti\u00e8de (<b>pas \u00e0 l\u2019eau chaude<\/b>) et utilisez un nettoyant doux et non parfum\u00e9 sans savon.<\/li><li>Limitez le temps que vous passez dans la baignoire ou la douche.<\/li><li>Hydratez votre peau r\u00e9guli\u00e8rement.<\/li><li>Si vos l\u00e8vres sont s\u00e8ches, utilisez un baume \u00e0 l\u00e8vres.<\/li><\/ul><\/div>\n\t\t\t\t<\/div>\n\t\t\t\t\t\t\t<div class=\"elementor-toggle-item\">\n\t\t\t\t\t<div id=\"elementor-tab-title-8565\" class=\"elementor-tab-title\" data-tab=\"5\" role=\"button\" aria-controls=\"elementor-tab-content-8565\" aria-expanded=\"false\">\n\t\t\t\t\t\t\t\t\t\t\t\t<span class=\"elementor-toggle-icon elementor-toggle-icon-left\" aria-hidden=\"true\">\n\t\t\t\t\t\t\t\t\t\t\t\t\t\t\t<span class=\"elementor-toggle-icon-closed\"><i class=\"fas fa-plus\"><\/i><\/span>\n\t\t\t\t\t\t\t\t<span class=\"elementor-toggle-icon-opened\"><i class=\"elementor-toggle-icon-opened fas fa-minus\"><\/i><\/span>\n\t\t\t\t\t\t\t\t\t\t\t\t\t<\/span>\n\t\t\t\t\t\t\t\t\t\t\t\t<a class=\"elementor-toggle-title\" tabindex=\"0\">Peau huileuse<\/a>\n\t\t\t\t\t<\/div>\n\n\t\t\t\t\t<div id=\"elementor-tab-content-8565\" class=\"elementor-tab-content elementor-clearfix\" data-tab=\"5\" role=\"region\" aria-labelledby=\"elementor-tab-title-8565\"><ul><li>Utilisez un bon nettoyant et une cr\u00e8me hydratante l\u00e9g\u00e8re et sans huile (non parfum\u00e9e).<\/li><li>Apr\u00e8s le lavage, assurez-vous d'enlever tout le nettoyant avec un chiffon doux.<\/li><li>\u00c9vitez d'exfolier ou d'utiliser des produits agressifs qui pourraient \u00e9liminer trop d\u2019humidit\u00e9 de votre peau.<\/li><\/ul><\/div>\n\t\t\t\t<\/div>\n\t\t\t\t\t\t\t<div class=\"elementor-toggle-item\">\n\t\t\t\t\t<div id=\"elementor-tab-title-8566\" class=\"elementor-tab-title\" data-tab=\"6\" role=\"button\" aria-controls=\"elementor-tab-content-8566\" aria-expanded=\"false\">\n\t\t\t\t\t\t\t\t\t\t\t\t<span class=\"elementor-toggle-icon elementor-toggle-icon-left\" aria-hidden=\"true\">\n\t\t\t\t\t\t\t\t\t\t\t\t\t\t\t<span class=\"elementor-toggle-icon-closed\"><i class=\"fas fa-plus\"><\/i><\/span>\n\t\t\t\t\t\t\t\t<span class=\"elementor-toggle-icon-opened\"><i class=\"elementor-toggle-icon-opened fas fa-minus\"><\/i><\/span>\n\t\t\t\t\t\t\t\t\t\t\t\t\t<\/span>\n\t\t\t\t\t\t\t\t\t\t\t\t<a class=\"elementor-toggle-title\" tabindex=\"0\">\u00c9ruptions cutan\u00e9es et d\u00e9mangeaisons<\/a>\n\t\t\t\t\t<\/div>\n\n\t\t\t\t\t<div id=\"elementor-tab-content-8566\" class=\"elementor-tab-content elementor-clearfix\" data-tab=\"6\" role=\"region\" aria-labelledby=\"elementor-tab-title-8566\"><ul><li>Faites v\u00e9rifier toute \u00e9ruption cutan\u00e9e ou tache sur votre peau par votre canc\u00e9rologue ou votre infirmi\u00e8re sp\u00e9cialis\u00e9e.<\/li><\/ul><\/div>\n\t\t\t\t<\/div>\n\t\t\t\t\t\t\t<div class=\"elementor-toggle-item\">\n\t\t\t\t\t<div id=\"elementor-tab-title-8567\" class=\"elementor-tab-title\" data-tab=\"7\" role=\"button\" aria-controls=\"elementor-tab-content-8567\" aria-expanded=\"false\">\n\t\t\t\t\t\t\t\t\t\t\t\t<span class=\"elementor-toggle-icon elementor-toggle-icon-left\" aria-hidden=\"true\">\n\t\t\t\t\t\t\t\t\t\t\t\t\t\t\t<span class=\"elementor-toggle-icon-closed\"><i class=\"fas fa-plus\"><\/i><\/span>\n\t\t\t\t\t\t\t\t<span class=\"elementor-toggle-icon-opened\"><i class=\"elementor-toggle-icon-opened fas fa-minus\"><\/i><\/span>\n\t\t\t\t\t\t\t\t\t\t\t\t\t<\/span>\n\t\t\t\t\t\t\t\t\t\t\t\t<a class=\"elementor-toggle-title\" tabindex=\"0\">Mastectomie<\/a>\n\t\t\t\t\t<\/div>\n\n\t\t\t\t\t<div id=\"elementor-tab-content-8567\" class=\"elementor-tab-content elementor-clearfix\" data-tab=\"7\" role=\"region\" aria-labelledby=\"elementor-tab-title-8567\"><p>Envisagez de porter un soutien-gorge adapt\u00e9 ou d\u2019utiliser d\u2019autres produits sp\u00e9cialement con\u00e7us pour la mastectomie. Votre \u00e9quipe de soins peut vous aider \u00e0 trouver des commer\u00e7ants locaux ou des ressources en ligne qui distribuent ces produits. Vous trouverez un site web pour des produits vendus en ligne dans la section Outils ci-dessous <a href=\"https:\/\/medicus.ca\/en\/our-products\/orthotics-prosthetics\/breast-prostheses-and-post-operative-clothing\/\">.<\/a><\/p><\/div>\n\t\t\t\t<\/div>\n\t\t\t\t\t\t\t\t<\/div>\n\t\t\t\t\t\t<\/div>\n\t\t\t\t<\/div>\n\t\t\t\t<div class=\"elementor-element elementor-element-7049fb67 elementor-widget elementor-widget-spacer\" data-id=\"7049fb67\" data-element_type=\"widget\" data-e-type=\"widget\" data-widget_type=\"spacer.default\">\n\t\t\t\t<div class=\"elementor-widget-container\">\n\t\t\t\t\t\t\t<div class=\"elementor-spacer\">\n\t\t\t<div class=\"elementor-spacer-inner\"><\/div>\n\t\t<\/div>\n\t\t\t\t\t\t<\/div>\n\t\t\t\t<\/div>\n\t\t\t\t<div class=\"elementor-element elementor-element-907d692 elementor-widget elementor-widget-heading\" data-id=\"907d692\" data-element_type=\"widget\" data-e-type=\"widget\" data-widget_type=\"heading.default\">\n\t\t\t\t<div class=\"elementor-widget-container\">\n\t\t\t\t\t<h2 class=\"elementor-heading-title elementor-size-default\">Cannabis<\/h2>\t\t\t\t<\/div>\n\t\t\t\t<\/div>\n\t\t\t\t<div class=\"elementor-element elementor-element-c15a193 elementor-widget elementor-widget-text-editor\" data-id=\"c15a193\" data-element_type=\"widget\" data-e-type=\"widget\" data-widget_type=\"text-editor.default\">\n\t\t\t\t<div class=\"elementor-widget-container\">\n\t\t\t\t\t\t\t\t\t<p><strong><span style=\"text-decoration: underline;\">Information sur cannabis<\/span><\/strong><br \/>Certains patients consomment du cannabis pour g\u00e9rer les sympt\u00f4mes lies au cancer. Toutefois, dans l\u2019ensemble, la recherche sur ce sujet n\u2019est pas concluante. Il est important de parler \u00e0 votre m\u00e9decin avant d\u2019essayer le cannabis. Pour obtenir les informations sur le cannabis, consultez <a href=\"\/fr\/Cannabis m\u00e9dical: mythes et r\u00e9alit\u00e9s \u2013 Ruban rose\/\">Cannabis m\u00e9dical: mythes et r\u00e9alit\u00e9s \u2013 Ruban rose<\/a>.\u00a0<\/p>\t\t\t\t\t\t\t\t<\/div>\n\t\t\t\t<\/div>\n\t\t\t\t<div class=\"elementor-element elementor-element-73517a4 elementor-widget elementor-widget-spacer\" data-id=\"73517a4\" data-element_type=\"widget\" data-e-type=\"widget\" data-widget_type=\"spacer.default\">\n\t\t\t\t<div class=\"elementor-widget-container\">\n\t\t\t\t\t\t\t<div class=\"elementor-spacer\">\n\t\t\t<div class=\"elementor-spacer-inner\"><\/div>\n\t\t<\/div>\n\t\t\t\t\t\t<\/div>\n\t\t\t\t<\/div>\n\t\t\t\t<section class=\"elementor-section elementor-inner-section elementor-element elementor-element-2829c163 elementor-section-boxed elementor-section-height-default elementor-section-height-default\" data-id=\"2829c163\" data-element_type=\"section\" data-e-type=\"section\">\n\t\t\t\t\t\t<div class=\"elementor-container elementor-column-gap-default\">\n\t\t\t\t\t<div class=\"elementor-column elementor-col-100 elementor-inner-column elementor-element elementor-element-432df501\" data-id=\"432df501\" data-element_type=\"column\" data-e-type=\"column\">\n\t\t\t<div class=\"elementor-widget-wrap elementor-element-populated\">\n\t\t\t\t\t\t<div class=\"elementor-element elementor-element-aed44ff elementor-widget elementor-widget-menu-anchor\" data-id=\"aed44ff\" data-element_type=\"widget\" data-e-type=\"widget\" data-widget_type=\"menu-anchor.default\">\n\t\t\t\t<div class=\"elementor-widget-container\">\n\t\t\t\t\t\t\t<div class=\"elementor-menu-anchor\" id=\"at-body-image-services\"><\/div>\n\t\t\t\t\t\t<\/div>\n\t\t\t\t<\/div>\n\t\t\t\t<div class=\"elementor-element elementor-element-2bd59a9f elementor-widget elementor-widget-heading\" data-id=\"2bd59a9f\" data-element_type=\"widget\" data-e-type=\"widget\" data-widget_type=\"heading.default\">\n\t\t\t\t<div class=\"elementor-widget-container\">\n\t\t\t\t\t<h2 class=\"elementor-heading-title elementor-size-default\">Services Disponibles<\/h2>\t\t\t\t<\/div>\n\t\t\t\t<\/div>\n\t\t\t\t<div class=\"elementor-element elementor-element-31b8f0f9 elementor-widget elementor-widget-toggle\" data-id=\"31b8f0f9\" data-element_type=\"widget\" data-e-type=\"widget\" data-widget_type=\"toggle.default\">\n\t\t\t\t<div class=\"elementor-widget-container\">\n\t\t\t\t\t\t\t<div class=\"elementor-toggle\">\n\t\t\t\t\t\t\t<div class=\"elementor-toggle-item\">\n\t\t\t\t\t<div id=\"elementor-tab-title-8341\" class=\"elementor-tab-title\" data-tab=\"1\" role=\"button\" aria-controls=\"elementor-tab-content-8341\" aria-expanded=\"false\">\n\t\t\t\t\t\t\t\t\t\t\t\t<span class=\"elementor-toggle-icon elementor-toggle-icon-left\" aria-hidden=\"true\">\n\t\t\t\t\t\t\t\t\t\t\t\t\t\t\t<span class=\"elementor-toggle-icon-closed\"><i class=\"fas fa-plus\"><\/i><\/span>\n\t\t\t\t\t\t\t\t<span class=\"elementor-toggle-icon-opened\"><i class=\"elementor-toggle-icon-opened fas fa-minus\"><\/i><\/span>\n\t\t\t\t\t\t\t\t\t\t\t\t\t<\/span>\n\t\t\t\t\t\t\t\t\t\t\t\t<a class=\"elementor-toggle-title\" tabindex=\"0\">La Fondation qu\u00e9b\u00e9coise du cancer<\/a>\n\t\t\t\t\t<\/div>\n\n\t\t\t\t\t<div id=\"elementor-tab-content-8341\" class=\"elementor-tab-content elementor-clearfix\" data-tab=\"1\" role=\"region\" aria-labelledby=\"elementor-tab-title-8341\"><p><span data-contrast=\"auto\"><span class=\"TextRun SCXW12018546 BCX9\" lang=\"EN-CA\" xml:lang=\"EN-CA\" data-contrast=\"none\"><span class=\"NormalTextRun SCXW12018546 BCX9\"><a href=\"https:\/\/cancerquebec.ca\/\">La Fondation qu\u00e9b\u00e9coise du cancer<\/a> soutient les personnes atteintes de cancer et leurs proches partout au Qu\u00e9bec. Elle offre des services adapt\u00e9s \u00e0 leurs besoins et \u00e0 leurs pr\u00e9occupations quotidiennes.\u202f<\/span><\/span><\/span><\/p><h3>Services offerts<\/h3><p>Plusieurs services et activit\u00e9s offerts par la Fondation qu\u00e9b\u00e9coise du cancer peuvent \u00eatre utiles pour g\u00e9rer vos pr\u00e9occupations li\u00e9es \u00e0 l\u2019image corporelle.<\/p><p><a href=\"https:\/\/cancerquebec.ca\/services\/therapies-complementaires\/meditation-guidee\/\">La m\u00e9ditation guid\u00e9e<\/a> et <a href=\"https:\/\/cancerquebec.ca\/services\/therapies-complementaires\/yoga\/\">yoga<\/a> et <a href=\"https:\/\/cancerquebec.ca\/services\/therapies-complementaires\/art-therapie\/\">l'art-th\u00e9rapie<\/a> sont des activit\u00e9s relaxantes qui peuvent offrir une certaine distraction et peut-\u00eatre vous aider \u00e0 adopter une perspective plus positive sur vos pr\u00e9occupations li\u00e9es \u00e0 l'image corporelle.\u00a0<\/p><p><a href=\"https:\/\/cancerquebec.ca\/services\/therapies-complementaires\/massotherapie\/\">massoth\u00e9rapie<\/a>, les clubs de marche et la gymnastique th\u00e9rapeutique peuvent \u00e9galement vous aider \u00e0 rester actif. Utilisez leur <a href=\"https:\/\/cancerquebec.ca\/repertoire-ressources\/\">r\u00e9pertoire de ressources<\/a> ci-dessous pour trouver des services pr\u00e8s de chez vous.<\/p><p><a href=\"https:\/\/cancerquebec.ca\/services\/info-cancer\/jumelage-telephonique\/\">Jumelage t\u00e9l\u00e9phonique<\/a> peut vous mettre en relation avec quelqu'un ayant des exp\u00e9riences similaires. Vous pouvez appeler la <a href=\"https:\/\/cancerquebec.ca\/services\/info-cancer\/ligne-info-cancer\/\">Ligne Info-Cancer<\/a> pour plus d'informations et obtenir l'aide dont vous avez besoin<\/p><p><a href=\"https:\/\/cancerquebec.ca\/services\/info-cancer\/bibliotheque-info-cancer\/\">Biblioth\u00e8que Info-cancer<\/a> est un service d\u2019emprunt des documents qui couvre un large \u00e9ventail de sujets li\u00e9s au cancer. Leurs ressources comprennent des livres, des ressources web, des articles en ligne et des webinaires. Elles sont gratuites \u00e0 emprunter, et les documents sont envoy\u00e9s par courrier ou par courriel partout au Qu\u00e9bec. Leurs services d'information incluent \u00e9galement une <a href=\"http:\/\/intranet.fqc.qc.ca:8080\/Main.htm\">Biblioth\u00e8que virtuelle<\/a>.<\/p><h2><strong>Contact<\/strong><\/h2><p><span data-contrast=\"auto\">1-800-561-0063<br \/><\/span><a href=\"mailto:infocancer@fqc.qc.ca\"><span data-contrast=\"auto\">infocancer@fqc.qc.ca<\/span><\/a><\/p><\/div>\n\t\t\t\t<\/div>\n\t\t\t\t\t\t\t<div class=\"elementor-toggle-item\">\n\t\t\t\t\t<div id=\"elementor-tab-title-8342\" class=\"elementor-tab-title\" data-tab=\"2\" role=\"button\" aria-controls=\"elementor-tab-content-8342\" aria-expanded=\"false\">\n\t\t\t\t\t\t\t\t\t\t\t\t<span class=\"elementor-toggle-icon elementor-toggle-icon-left\" aria-hidden=\"true\">\n\t\t\t\t\t\t\t\t\t\t\t\t\t\t\t<span class=\"elementor-toggle-icon-closed\"><i class=\"fas fa-plus\"><\/i><\/span>\n\t\t\t\t\t\t\t\t<span class=\"elementor-toggle-icon-opened\"><i class=\"elementor-toggle-icon-opened fas fa-minus\"><\/i><\/span>\n\t\t\t\t\t\t\t\t\t\t\t\t\t<\/span>\n\t\t\t\t\t\t\t\t\t\t\t\t<a class=\"elementor-toggle-title\" tabindex=\"0\">Fondation du cancer du sein du Qu\u00e9bec\u202f<\/a>\n\t\t\t\t\t<\/div>\n\n\t\t\t\t\t<div id=\"elementor-tab-content-8342\" class=\"elementor-tab-content elementor-clearfix\" data-tab=\"2\" role=\"region\" aria-labelledby=\"elementor-tab-title-8342\"><p>La Fondation du cancer du sein du Qu\u00e9bec a pour mission de favoriser le bien-\u00eatre des personnes atteintes du cancer et de leurs proches par la recherche et l'innovation, le soutien, et la sensibilisation.<\/p><p>Elle s\u2019engage \u00e0 offrir une myriade de services dont la ligne d'\u00e9coute et d'information pour obtenir de l'information et des ressources adapt\u00e9es aux besoins des personnes atteintes du cancer :<\/p><p>Contact:<\/p><p>\u00a01-855-561-ROSE <a href=\"mailto:soutien@rubanrose.org\">soutien@rubanrose.org<\/a><\/p><h3>Services offerts<\/h3><p><a href=\"https:\/\/rubanrose.org\/ma-communaute-rose\/soutien-ressources\/ma-sante-active\/les-services-de-ma-sante-active\/\">Saines habitudes de vie<\/a>: Un service qui aide en offrant r\u00e9guli\u00e8rement des activit\u00e9s physiques qui contribuent \u00e0 am\u00e9liorer la qualit\u00e9 de vie, par le biais d'outils et activit\u00e9s tels que :\u00a0\u00a0<\/p><ul><li>Mon application mobile<\/li><li>Mes vid\u00e9os d'exercices\u202f<\/li><li>Mon yoga oncologique\u00a0<\/li><li>\u00c9quipes de bateaux-dragons\u202f\u00a0<\/li><\/ul><p>La Fondation du cancer du sein du Qu\u00e9bec offre un <a href=\"https:\/\/rubanrose.org\/je-cherche\/services-de-soutien\/soutien-psychosocial\/\">soutien psychosocial<\/a>. Les travailleurs sociaux peuvent vous aider \u00e0 composer avec les changements physiques <a href=\"https:\/\/rubanrose.org\/en\/contact-us\/\">,<\/a> pour r\u00e9pondre \u00e0 vos pr\u00e9occupations apr\u00e8s le traitement.\u202f<\/p><p><a href=\"https:\/\/rubanrose.org\/je-cherche\/services-de-soutien\/soutien-medical\/\">Clinique virtuelle gratuite:<\/a> Un service de premiers soins offert aux personnes touch\u00e9es par le cancer du sein. Notre objectif est d'aider \u00e0 g\u00e9rer les effets secondaires qui surviennent apr\u00e8s le traitement et ceux qui persistent \u00e0 long terme. La clinique est:<\/p><ul><li>Facile \u00e0 utiliser<\/li><li>Accessible 24\/7\u202f<\/li><li>Am\u00e9lioration de la surveillance et du d\u00e9pistage<\/li><li>Prise en charge des effets secondaires qui surviennent apr\u00e8s le traitement et de ceux qui restent permanents \u00e0 long terme<\/li><li>Promotion de la sant\u00e9 et des habitudes de vie saines<\/li><li>Coordination des soins entre sp\u00e9cialistes et g\u00e9n\u00e9ralistes\u202f<\/li><\/ul><\/div>\n\t\t\t\t<\/div>\n\t\t\t\t\t\t\t<div class=\"elementor-toggle-item\">\n\t\t\t\t\t<div id=\"elementor-tab-title-8343\" class=\"elementor-tab-title\" data-tab=\"3\" role=\"button\" aria-controls=\"elementor-tab-content-8343\" aria-expanded=\"false\">\n\t\t\t\t\t\t\t\t\t\t\t\t<span class=\"elementor-toggle-icon elementor-toggle-icon-left\" aria-hidden=\"true\">\n\t\t\t\t\t\t\t\t\t\t\t\t\t\t\t<span class=\"elementor-toggle-icon-closed\"><i class=\"fas fa-plus\"><\/i><\/span>\n\t\t\t\t\t\t\t\t<span class=\"elementor-toggle-icon-opened\"><i class=\"elementor-toggle-icon-opened fas fa-minus\"><\/i><\/span>\n\t\t\t\t\t\t\t\t\t\t\t\t\t<\/span>\n\t\t\t\t\t\t\t\t\t\t\t\t<a class=\"elementor-toggle-title\" tabindex=\"0\">Soci\u00e9t\u00e9 Canadienne du Cancer (National)\u202f<\/a>\n\t\t\t\t\t<\/div>\n\n\t\t\t\t\t<div id=\"elementor-tab-content-8343\" class=\"elementor-tab-content elementor-clearfix\" data-tab=\"3\" role=\"region\" aria-labelledby=\"elementor-tab-title-8343\"><p>Ils offrent du soutien aux personnes atteintes du cancer ainsi qu\u2019\u00e0 leur famille, leurs amis et leurs proches aidants.<\/p><p>Leurs sp\u00e9cialistes d\u2019informations sont l\u00e0 pour r\u00e9pondre \u00e0 vos questions et vous fournir de l\u2019information \u00e0 date et reliable sur :<\/p><ul><li>Les traitements contre le cancer et leurs effets secondaires\u2009;<\/li><li>Les essais cliniques\u2009;<\/li><li>Les moyens de faire face au cancer\u2009;<\/li><li>Les services de soutien psychosocial\u2009;<\/li><li>La pr\u00e9vention\u2009;<\/li><li>L\u2019aide disponible au sein de la communaut\u00e9\u2009;<\/li><li>Les th\u00e9rapies compl\u00e9mentaires.<\/li><\/ul><p>Num\u00e9ro (sans frais):<br \/>1-888-939-3333<\/p><h2>Services Offerts<\/h2><p>Leur service est offert du lundi au vendredi en fran\u00e7ais 8 h \u00e0 18 h et en anglais. Ils ont acc\u00e8s \u00e0 des services d\u2019interpr\u00e8tes pour les questions formul\u00e9es dans d\u2019autres langues.<\/p><p>Site Web &amp; \u201cChat\u201d:<br \/><a href=\"https:\/\/cancer.ca\/fr\/living-with-cancer\/how-we-can-help\/talk-to-an-information-specialist\">Parlez \u00e0 un sp\u00e9cialiste en information | Soci\u00e9t\u00e9 canadienne du cancer<\/a><\/p><p>Formulaire de contact:\u202f<br \/><a href=\"https:\/\/cancer.ca\/fr\/contact-us\/cancer-information-and-support\">Information sur le cancer et soutien | Soci\u00e9t\u00e9 canadienne du cancer<\/a><\/p><p>Communaut\u00e9 en ligne:<br \/><a href=\"https:\/\/parlonscancer.ca\/s\/\">Parlons Cancer | Soci\u00e9te canadienne du cancer<\/a><br \/>Vous pouvez \u00e9galement acc\u00e9der \u00e0 la base de donn\u00e9es SCC ci-dessous pour trouver des services de soutien dans votre r\u00e9gion.<\/p><\/div>\n\t\t\t\t<\/div>\n\t\t\t\t\t\t\t\t<\/div>\n\t\t\t\t\t\t<\/div>\n\t\t\t\t<\/div>\n\t\t\t\t\t<\/div>\n\t\t<\/div>\n\t\t\t\t\t<\/div>\n\t\t<\/section>\n\t\t\t\t<div class=\"elementor-element elementor-element-711c9479 elementor-widget elementor-widget-spacer\" data-id=\"711c9479\" data-element_type=\"widget\" data-e-type=\"widget\" data-widget_type=\"spacer.default\">\n\t\t\t\t<div class=\"elementor-widget-container\">\n\t\t\t\t\t\t\t<div class=\"elementor-spacer\">\n\t\t\t<div class=\"elementor-spacer-inner\"><\/div>\n\t\t<\/div>\n\t\t\t\t\t\t<\/div>\n\t\t\t\t<\/div>\n\t\t\t\t<div class=\"elementor-element elementor-element-7087afa8 elementor-widget elementor-widget-menu-anchor\" data-id=\"7087afa8\" data-element_type=\"widget\" data-e-type=\"widget\" data-widget_type=\"menu-anchor.default\">\n\t\t\t\t<div class=\"elementor-widget-container\">\n\t\t\t\t\t\t\t<div class=\"elementor-menu-anchor\" id=\"at-body-image-locater\"><\/div>\n\t\t\t\t\t\t<\/div>\n\t\t\t\t<\/div>\n\t\t\t\t<div class=\"elementor-element elementor-element-c974123 elementor-widget elementor-widget-heading\" data-id=\"c974123\" data-element_type=\"widget\" data-e-type=\"widget\" data-widget_type=\"heading.default\">\n\t\t\t\t<div class=\"elementor-widget-container\">\n\t\t\t\t\t<h2 class=\"elementor-heading-title elementor-size-default\">Localisateur de services<\/h2>\t\t\t\t<\/div>\n\t\t\t\t<\/div>\n\t\t\t\t<div class=\"elementor-element elementor-element-4939c79 elementor-widget elementor-widget-text-editor\" data-id=\"4939c79\" data-element_type=\"widget\" data-e-type=\"widget\" data-widget_type=\"text-editor.default\">\n\t\t\t\t<div class=\"elementor-widget-container\">\n\t\t\t\t\t\t\t\t\t<p>Vous trouverez ci-dessous une liste d'organismes qui peuvent vous aider \u00e0 identifier les services de soutien locaux pour vous et ceux qui vous soutiennent. La qualit\u00e9 des services n'a pas \u00e9t\u00e9 v\u00e9rifi\u00e9e par e-IMPAQc. Avant d'utiliser ces services, v\u00e9rifiez aupr\u00e8s de votre professionnel de la sant\u00e9.<\/p>\t\t\t\t\t\t\t\t<\/div>\n\t\t\t\t<\/div>\n\t\t\t\t<div class=\"elementor-element elementor-element-488fbb9 elementor-widget elementor-widget-heading\" data-id=\"488fbb9\" data-element_type=\"widget\" data-e-type=\"widget\" data-widget_type=\"heading.default\">\n\t\t\t\t<div class=\"elementor-widget-container\">\n\t\t\t\t\t<h4 class=\"elementor-heading-title elementor-size-default\">Cancer Canadian Society (National)\n<\/h4>\t\t\t\t<\/div>\n\t\t\t\t<\/div>\n\t\t\t\t<section class=\"elementor-section elementor-inner-section elementor-element elementor-element-2227897e elementor-section-boxed elementor-section-height-default elementor-section-height-default\" data-id=\"2227897e\" data-element_type=\"section\" data-e-type=\"section\">\n\t\t\t\t\t\t<div class=\"elementor-container elementor-column-gap-default\">\n\t\t\t\t\t<div class=\"elementor-column elementor-col-100 elementor-inner-column elementor-element elementor-element-46dbec24\" data-id=\"46dbec24\" data-element_type=\"column\" data-e-type=\"column\">\n\t\t\t<div class=\"elementor-widget-wrap elementor-element-populated\">\n\t\t\t\t\t\t<div class=\"elementor-element elementor-element-2d9be1f3 elementor-widget elementor-widget-html\" data-id=\"2d9be1f3\" data-element_type=\"widget\" data-e-type=\"widget\" data-widget_type=\"html.default\">\n\t\t\t\t<div class=\"elementor-widget-container\">\n\t\t\t\t\t<style>.elementor-element-2d9be1f3{display:none !important}<\/style>\t\t\t\t<\/div>\n\t\t\t\t<\/div>\n\t\t\t\t<div class=\"elementor-element elementor-element-4b9f0b4 elementor-widget elementor-widget-html\" data-id=\"4b9f0b4\" data-element_type=\"widget\" data-e-type=\"widget\" data-widget_type=\"html.default\">\n\t\t\t\t<div class=\"elementor-widget-container\">\n\t\t\t\t\t<iframe width=\"560\" height=\"300\" src=\"https:\/\/csl.cancer.ca\/fr\/WidgetMD\" frameborder=\"0\"><\/iframe>\t\t\t\t<\/div>\n\t\t\t\t<\/div>\n\t\t\t\t<div class=\"elementor-element elementor-element-1fbe0479 elementor-widget elementor-widget-toggle\" data-id=\"1fbe0479\" data-element_type=\"widget\" data-e-type=\"widget\" data-widget_type=\"toggle.default\">\n\t\t\t\t<div class=\"elementor-widget-container\">\n\t\t\t\t\t\t\t<div class=\"elementor-toggle\">\n\t\t\t\t\t\t\t<div class=\"elementor-toggle-item\">\n\t\t\t\t\t<div id=\"elementor-tab-title-5321\" class=\"elementor-tab-title\" data-tab=\"1\" role=\"button\" aria-controls=\"elementor-tab-content-5321\" aria-expanded=\"false\">\n\t\t\t\t\t\t\t\t\t\t\t\t<span class=\"elementor-toggle-icon elementor-toggle-icon-left\" aria-hidden=\"true\">\n\t\t\t\t\t\t\t\t\t\t\t\t\t\t\t<span class=\"elementor-toggle-icon-closed\"><i class=\"fas fa-plus\"><\/i><\/span>\n\t\t\t\t\t\t\t\t<span class=\"elementor-toggle-icon-opened\"><i class=\"elementor-toggle-icon-opened fas fa-minus\"><\/i><\/span>\n\t\t\t\t\t\t\t\t\t\t\t\t\t<\/span>\n\t\t\t\t\t\t\t\t\t\t\t\t<a class=\"elementor-toggle-title\" tabindex=\"0\">Regroupement des Organisations Communautaires en Oncologie (Provincial \u2013 Quebec) (Fran\u00e7ais)\u202f <\/a>\n\t\t\t\t\t<\/div>\n\n\t\t\t\t\t<div id=\"elementor-tab-content-5321\" class=\"elementor-tab-content elementor-clearfix\" data-tab=\"1\" role=\"region\" aria-labelledby=\"elementor-tab-title-5321\"><p class=\"translation-block\"><a href=\"https:\/\/rocoqc.ca\/\" target=\"_self\">Le Regroupement des Organisations Communautaires en Oncologie (ROCO)<\/a> propose un localisateur de services sp\u00e9cifique \u00e0 la province du Qu\u00e9bec. Il r\u00e9pertorie les ressources de soutien disponibles par r\u00e9gion.<\/p><p><strong>Contact<\/strong>\u00a0<br \/><br \/><a href=\"mailto:info@rocoqc.ca\"><span data-contrast=\"none\">info@rocoqc.ca<\/span><\/a><br \/><span data-contrast=\"auto\">514-506-3503<\/span><span data-contrast=\"auto\">\u202f<\/span><span data-ccp-props=\"{&quot;201341983&quot;:0,&quot;335559739&quot;:0,&quot;335559740&quot;:240}\">\u00a0<\/span><\/p><\/div>\n\t\t\t\t<\/div>\n\t\t\t\t\t\t\t<div class=\"elementor-toggle-item\">\n\t\t\t\t\t<div id=\"elementor-tab-title-5322\" class=\"elementor-tab-title\" data-tab=\"2\" role=\"button\" aria-controls=\"elementor-tab-content-5322\" aria-expanded=\"false\">\n\t\t\t\t\t\t\t\t\t\t\t\t<span class=\"elementor-toggle-icon elementor-toggle-icon-left\" aria-hidden=\"true\">\n\t\t\t\t\t\t\t\t\t\t\t\t\t\t\t<span class=\"elementor-toggle-icon-closed\"><i class=\"fas fa-plus\"><\/i><\/span>\n\t\t\t\t\t\t\t\t<span class=\"elementor-toggle-icon-opened\"><i class=\"elementor-toggle-icon-opened fas fa-minus\"><\/i><\/span>\n\t\t\t\t\t\t\t\t\t\t\t\t\t<\/span>\n\t\t\t\t\t\t\t\t\t\t\t\t<a class=\"elementor-toggle-title\" tabindex=\"0\">Fondation qu\u00e9b\u00e9coise du cancer (Provincial \u2014 Qu\u00e9bec) <\/a>\n\t\t\t\t\t<\/div>\n\n\t\t\t\t\t<div id=\"elementor-tab-content-5322\" class=\"elementor-tab-content elementor-clearfix\" data-tab=\"2\" role=\"region\" aria-labelledby=\"elementor-tab-title-5322\"><p>La Fondation qu\u00e9b\u00e9coise du cancer offre un <a href=\"https:\/\/cancerquebec.ca\/repertoire-ressources\/\">r\u00e9pertoire de ressources communautaires<\/a> communautaires, associatives et publiques par r\u00e9gion ou code postal.\u00a0\u00a0<\/p><p><strong>Contact<\/strong><\/p><p>INFO-CANCER: 1 800 363-0063\u00a0\u00a0<br \/>Lundi au vendredi de 9 h \u00e0 17 h\u00a0\u00a0<br \/><a href=\"mailto:infocancer@fqc.qc.ca\">infocancer@fqc.qc.ca<\/a>\u00a0\u00a0<\/p><\/div>\n\t\t\t\t<\/div>\n\t\t\t\t\t\t\t\t<\/div>\n\t\t\t\t\t\t<\/div>\n\t\t\t\t<\/div>\n\t\t\t\t\t<\/div>\n\t\t<\/div>\n\t\t\t\t\t<\/div>\n\t\t<\/section>\n\t\t\t\t<div class=\"elementor-element elementor-element-7e607d1f elementor-widget elementor-widget-spacer\" data-id=\"7e607d1f\" data-element_type=\"widget\" data-e-type=\"widget\" data-widget_type=\"spacer.default\">\n\t\t\t\t<div class=\"elementor-widget-container\">\n\t\t\t\t\t\t\t<div class=\"elementor-spacer\">\n\t\t\t<div class=\"elementor-spacer-inner\"><\/div>\n\t\t<\/div>\n\t\t\t\t\t\t<\/div>\n\t\t\t\t<\/div>\n\t\t\t\t<div class=\"elementor-element elementor-element-46683cee elementor-widget elementor-widget-heading\" data-id=\"46683cee\" data-element_type=\"widget\" data-e-type=\"widget\" data-widget_type=\"heading.default\">\n\t\t\t\t<div class=\"elementor-widget-container\">\n\t\t\t\t\t<h2 class=\"elementor-heading-title elementor-size-default\">Sources de r\u00e9f\u00e9rence<\/h2>\t\t\t\t<\/div>\n\t\t\t\t<\/div>\n\t\t\t\t<div class=\"elementor-element elementor-element-1708405e elementor-widget elementor-widget-text-editor\" data-id=\"1708405e\" data-element_type=\"widget\" data-e-type=\"widget\" data-widget_type=\"text-editor.default\">\n\t\t\t\t<div class=\"elementor-widget-container\">\n\t\t\t\t\t\t\t\t\t<p>Le contenu de ce document a \u00e9t\u00e9 adapt\u00e9 \u00e0 partir des sources suivantes :<\/p><ul><li>UHN, Managing Body Image Concerns After Cancer Treatment<\/li><li>American Society of Clinical Oncology, Body Image After Cancer<\/li><li>Sunnybrook, body image and breast cancer: a resource for women<\/li><li>Canadian Cancer Survivor Network, Hair Loss (Alopecia)<\/li><li>Macmillan Cancer Support, Feel More Like You<\/li><li>Canadian Cancer Society, Coping with body image and self-esteem worries<\/li><\/ul>\t\t\t\t\t\t\t\t<\/div>\n\t\t\t\t<\/div>\n\t\t\t\t\t<\/div>\n\t\t<\/div>\n\t\t\t\t\t<\/div>\n\t\t<\/section>\n\t\t\t\t<section class=\"elementor-section elementor-top-section elementor-element elementor-element-4c60abb7 elementor-section-stretched elementor-section-boxed elementor-section-height-default elementor-section-height-default\" data-id=\"4c60abb7\" data-element_type=\"section\" data-e-type=\"section\" data-settings=\"{&quot;stretch_section&quot;:&quot;section-stretched&quot;,&quot;background_background&quot;:&quot;classic&quot;}\">\n\t\t\t\t\t\t<div class=\"elementor-container elementor-column-gap-default\">\n\t\t\t\t\t<div class=\"elementor-column elementor-col-100 elementor-top-column elementor-element elementor-element-23e78cf5\" data-id=\"23e78cf5\" data-element_type=\"column\" data-e-type=\"column\">\n\t\t\t<div class=\"elementor-widget-wrap elementor-element-populated\">\n\t\t\t\t\t\t<div class=\"elementor-element elementor-element-6e859ed7 elementor-widget-divider--view-line elementor-widget elementor-widget-divider\" data-id=\"6e859ed7\" data-element_type=\"widget\" data-e-type=\"widget\" data-widget_type=\"divider.default\">\n\t\t\t\t<div class=\"elementor-widget-container\">\n\t\t\t\t\t\t\t<div class=\"elementor-divider\">\n\t\t\t<span class=\"elementor-divider-separator\">\n\t\t\t\t\t\t<\/span>\n\t\t<\/div>\n\t\t\t\t\t\t<\/div>\n\t\t\t\t<\/div>\n\t\t\t\t\t<\/div>\n\t\t<\/div>\n\t\t\t\t\t<\/div>\n\t\t<\/section>\n\t\t\t\t<section class=\"elementor-section elementor-top-section elementor-element elementor-element-59c9103f elementor-section-stretched elementor-section-boxed elementor-section-height-default elementor-section-height-default\" data-id=\"59c9103f\" data-element_type=\"section\" data-e-type=\"section\" data-settings=\"{&quot;stretch_section&quot;:&quot;section-stretched&quot;}\">\n\t\t\t\t\t\t<div class=\"elementor-container elementor-column-gap-default\">\n\t\t\t\t\t<div class=\"elementor-column elementor-col-100 elementor-top-column elementor-element elementor-element-28d9dced\" data-id=\"28d9dced\" data-element_type=\"column\" data-e-type=\"column\">\n\t\t\t<div class=\"elementor-widget-wrap elementor-element-populated\">\n\t\t\t\t\t\t<div class=\"elementor-element elementor-element-4eec4394 elementor-widget elementor-widget-heading\" data-id=\"4eec4394\" data-element_type=\"widget\" data-e-type=\"widget\" data-widget_type=\"heading.default\">\n\t\t\t\t<div class=\"elementor-widget-container\">\n\t\t\t\t\t<h2 class=\"elementor-heading-title elementor-size-default\">Approbation des professionnels de la sant\u00e9<\/h2>\t\t\t\t<\/div>\n\t\t\t\t<\/div>\n\t\t\t\t<div class=\"elementor-element elementor-element-72c26e8b elementor-widget elementor-widget-text-editor\" data-id=\"72c26e8b\" data-element_type=\"widget\" data-e-type=\"widget\" data-widget_type=\"text-editor.default\">\n\t\t\t\t<div class=\"elementor-widget-container\">\n\t\t\t\t\t\t\t\t\t<p>Le contenu de ce document a \u00e9t\u00e9 r\u00e9vis\u00e9 et approuv\u00e9 par une \u00e9quipe de professionnels de la sant\u00e9 et d'experts cliniques.<\/p>\t\t\t\t\t\t\t\t<\/div>\n\t\t\t\t<\/div>\n\t\t\t\t<div class=\"elementor-element elementor-element-13e3f68b elementor-widget elementor-widget-heading\" data-id=\"13e3f68b\" data-element_type=\"widget\" data-e-type=\"widget\" data-widget_type=\"heading.default\">\n\t\t\t\t<div class=\"elementor-widget-container\">\n\t\t\t\t\t<h2 class=\"elementor-heading-title elementor-size-default\">Avis de non-responsabilit\u00e9<\/h2>\t\t\t\t<\/div>\n\t\t\t\t<\/div>\n\t\t\t\t<div class=\"elementor-element elementor-element-78fc4b1e elementor-widget elementor-widget-text-editor\" data-id=\"78fc4b1e\" data-element_type=\"widget\" data-e-type=\"widget\" data-widget_type=\"text-editor.default\">\n\t\t\t\t<div class=\"elementor-widget-container\">\n\t\t\t\t\t\t\t\t\t<p class=\"translation-block\">Veuillez noter que ce feuillet d\u2019information ne remplace pas une consultation avec un professionnel de la sant\u00e9. Il a plut\u00f4t \u00e9t\u00e9 con\u00e7ue pour compl\u00e9menter les interventions de votre \u00e9quipe soignante. Si vous avez des questions au sujet de votre sant\u00e9, ou de tout probl\u00e8me m\u00e9dical, vous devez communiquer imm\u00e9diatement avec un professionnel de la sant\u00e9. Vous ne devez pas tarder avant d\u2019obtenir un avis m\u00e9dical ni ignorer un avis m\u00e9dical professionnel, en raison des informations contenues dans ce feuillet d\u2019information. Avant d\u2019entamer un traitement m\u00e9dical, consultez toujours votre m\u00e9decin. Toutes les pr\u00e9cautions ont \u00e9t\u00e9 prises pour s\u2019assurer que les informations contenues dans ce document soient exactes au moment de leurs publication. e-IMPAQc n\u2019est pas responsable des blessures ou des dommages aux personnes ou aux biens r\u00e9sultant ou li\u00e9s \u00e0 l\u2019utilisation de la fiche d\u2019information, ou en raison d\u2019erreurs ou d\u2019omissions.<\/p>\t\t\t\t\t\t\t\t<\/div>\n\t\t\t\t<\/div>\n\t\t\t\t<div class=\"elementor-element elementor-element-3f9f25c5 elementor-widget elementor-widget-heading\" data-id=\"3f9f25c5\" data-element_type=\"widget\" data-e-type=\"widget\" data-widget_type=\"heading.default\">\n\t\t\t\t<div class=\"elementor-widget-container\">\n\t\t\t\t\t<h2 class=\"elementor-heading-title elementor-size-default\">Note concernant la reproduction et droits d'auteur<\/h2>\t\t\t\t<\/div>\n\t\t\t\t<\/div>\n\t\t\t\t<div class=\"elementor-element elementor-element-6f1c668e elementor-widget elementor-widget-text-editor\" data-id=\"6f1c668e\" data-element_type=\"widget\" data-e-type=\"widget\" data-widget_type=\"text-editor.default\">\n\t\t\t\t<div class=\"elementor-widget-container\">\n\t\t\t\t\t\t\t\t\t<p>Toute reproduction ou diffusion de cette page web, en tout ou en partie, est interdite sans, au pr\u00e9alable, avoir obtenu l\u2019autorisation \u00e9crite du responsable du projet e-IMPAQc. L\u2019autorisation peut \u00eatre obtenue en \u00e9crivant\u00a0<a href=\"mailto:e.impaqc.comtl@ssss.gouv.qc.ca\">e.impaqc.comtl@ssss.gouv.qc.ca<\/a>.<\/p>\t\t\t\t\t\t\t\t<\/div>\n\t\t\t\t<\/div>\n\t\t\t\t\t<\/div>\n\t\t<\/div>\n\t\t\t\t\t<\/div>\n\t\t<\/section>\n\t\t\t\t<\/div>","protected":false},"excerpt":{"rendered":"<p>After Treatment: Body image PDF version &#8220;My cancer treatment made changes to my body. Will I ever feel like myself again?\u201d Roxanne, 32 Breast cancer survivor Why might I have problems with my body image after my cancer treatment? Our body image has much to do with how we see ourselves. Some may have strong [&hellip;]<\/p>\n","protected":false},"author":1,"featured_media":0,"parent":0,"menu_order":0,"comment_status":"closed","ping_status":"closed","template":"","meta":{"_monsterinsights_skip_tracking":false,"_monsterinsights_sitenote_active":false,"_monsterinsights_sitenote_note":"","_monsterinsights_sitenote_category":0,"ocean_post_layout":"full-width","ocean_both_sidebars_style":"","ocean_both_sidebars_content_width":0,"ocean_both_sidebars_sidebars_width":0,"ocean_sidebar":"","ocean_second_sidebar":"","ocean_disable_margins":"on","ocean_add_body_class":"","ocean_shortcode_before_top_bar":"","ocean_shortcode_after_top_bar":"","ocean_shortcode_before_header":"","ocean_shortcode_after_header":"","ocean_has_shortcode":"","ocean_shortcode_after_title":"","ocean_shortcode_before_footer_widgets":"","ocean_shortcode_after_footer_widgets":"","ocean_shortcode_before_footer_bottom":"","ocean_shortcode_after_footer_bottom":"","ocean_display_top_bar":"off","ocean_display_header":"default","ocean_header_style":"","ocean_center_header_left_menu":"","ocean_custom_header_template":"","ocean_custom_logo":0,"ocean_custom_retina_logo":0,"ocean_custom_logo_max_width":0,"ocean_custom_logo_tablet_max_width":0,"ocean_custom_logo_mobile_max_width":0,"ocean_custom_logo_max_height":0,"ocean_custom_logo_tablet_max_height":0,"ocean_custom_logo_mobile_max_height":0,"ocean_header_custom_menu":"","ocean_menu_typo_font_family":"","ocean_menu_typo_font_subset":"","ocean_menu_typo_font_size":0,"ocean_menu_typo_font_size_tablet":0,"ocean_menu_typo_font_size_mobile":0,"ocean_menu_typo_font_size_unit":"px","ocean_menu_typo_font_weight":"","ocean_menu_typo_font_weight_tablet":"","ocean_menu_typo_font_weight_mobile":"","ocean_menu_typo_transform":"","ocean_menu_typo_transform_tablet":"","ocean_menu_typo_transform_mobile":"","ocean_menu_typo_line_height":0,"ocean_menu_typo_line_height_tablet":0,"ocean_menu_typo_line_height_mobile":0,"ocean_menu_typo_line_height_unit":"","ocean_menu_typo_spacing":0,"ocean_menu_typo_spacing_tablet":0,"ocean_menu_typo_spacing_mobile":0,"ocean_menu_typo_spacing_unit":"","ocean_menu_link_color":"","ocean_menu_link_color_hover":"","ocean_menu_link_color_active":"","ocean_menu_link_background":"","ocean_menu_link_hover_background":"","ocean_menu_link_active_background":"","ocean_menu_social_links_bg":"","ocean_menu_social_hover_links_bg":"","ocean_menu_social_links_color":"","ocean_menu_social_hover_links_color":"","ocean_disable_title":"on","ocean_disable_heading":"default","ocean_post_title":"","ocean_post_subheading":"","ocean_post_title_style":"","ocean_post_title_background_color":"","ocean_post_title_background":0,"ocean_post_title_bg_image_position":"","ocean_post_title_bg_image_attachment":"","ocean_post_title_bg_image_repeat":"","ocean_post_title_bg_image_size":"","ocean_post_title_height":0,"ocean_post_title_bg_overlay":0.5,"ocean_post_title_bg_overlay_color":"","ocean_disable_breadcrumbs":"off","ocean_breadcrumbs_color":"","ocean_breadcrumbs_separator_color":"","ocean_breadcrumbs_links_color":"","ocean_breadcrumbs_links_hover_color":"","ocean_display_footer_widgets":"default","ocean_display_footer_bottom":"default","ocean_custom_footer_template":"","footnotes":""},"class_list":["post-10167","page","type-page","status-publish","hentry","entry"],"yoast_head":"<!-- This site is optimized with the Yoast SEO plugin v27.4 - https:\/\/yoast.com\/product\/yoast-seo-wordpress\/ -->\n<title>After treatment: Body image - e-IMPAQc<\/title>\n<meta name=\"robots\" content=\"index, follow, max-snippet:-1, max-image-preview:large, max-video-preview:-1\" \/>\n<link rel=\"canonical\" href=\"https:\/\/e-impaqc.com\/fr\/after-treatment-body-image\/\" \/>\n<meta property=\"og:locale\" content=\"fr_CA\" \/>\n<meta property=\"og:type\" content=\"article\" \/>\n<meta property=\"og:title\" content=\"After treatment: Body image - e-IMPAQc\" \/>\n<meta property=\"og:description\" content=\"After Treatment: Body image PDF version &#8220;My cancer treatment made changes to my body. Will I ever feel like myself again?\u201d Roxanne, 32 Breast cancer survivor Why might I have problems with my body image after my cancer treatment? Our body image has much to do with how we see ourselves. Some may have strong [&hellip;]\" \/>\n<meta property=\"og:url\" content=\"https:\/\/e-impaqc.com\/fr\/after-treatment-body-image\/\" \/>\n<meta property=\"og:site_name\" content=\"e-IMPAQc\" \/>\n<meta property=\"article:publisher\" content=\"https:\/\/www.facebook.com\/eIMPAQc\/\" \/>\n<meta property=\"article:modified_time\" content=\"2024-12-12T15:41:16+00:00\" \/>\n<meta property=\"og:image\" content=\"https:\/\/e-impaqc.com\/wp-content\/uploads\/2024\/09\/body1.png\" \/>\n\t<meta property=\"og:image:width\" content=\"320\" \/>\n\t<meta property=\"og:image:height\" content=\"308\" \/>\n\t<meta property=\"og:image:type\" content=\"image\/png\" \/>\n<meta name=\"twitter:card\" content=\"summary_large_image\" \/>\n<meta name=\"twitter:site\" content=\"@eIMPAQc\" \/>\n<meta name=\"twitter:label1\" content=\"Estimation du temps de lecture\" \/>\n\t<meta name=\"twitter:data1\" content=\"11 minutes\" \/>\n<script type=\"application\/ld+json\" class=\"yoast-schema-graph\">{\"@context\":\"https:\\\/\\\/schema.org\",\"@graph\":[{\"@type\":\"WebPage\",\"@id\":\"https:\\\/\\\/e-impaqc.com\\\/after-treatment-body-image\\\/\",\"url\":\"https:\\\/\\\/e-impaqc.com\\\/after-treatment-body-image\\\/\",\"name\":\"After treatment: Body image - e-IMPAQc\",\"isPartOf\":{\"@id\":\"https:\\\/\\\/e-impaqc.com\\\/fr\\\/#website\"},\"primaryImageOfPage\":{\"@id\":\"https:\\\/\\\/e-impaqc.com\\\/after-treatment-body-image\\\/#primaryimage\"},\"image\":{\"@id\":\"https:\\\/\\\/e-impaqc.com\\\/after-treatment-body-image\\\/#primaryimage\"},\"thumbnailUrl\":\"https:\\\/\\\/e-impaqc.com\\\/wp-content\\\/uploads\\\/2024\\\/09\\\/body1-300x289.png\",\"datePublished\":\"2024-09-24T14:42:57+00:00\",\"dateModified\":\"2024-12-12T15:41:16+00:00\",\"breadcrumb\":{\"@id\":\"https:\\\/\\\/e-impaqc.com\\\/after-treatment-body-image\\\/#breadcrumb\"},\"inLanguage\":\"fr-CA\",\"potentialAction\":[{\"@type\":\"ReadAction\",\"target\":[\"https:\\\/\\\/e-impaqc.com\\\/after-treatment-body-image\\\/\"]}]},{\"@type\":\"ImageObject\",\"inLanguage\":\"fr-CA\",\"@id\":\"https:\\\/\\\/e-impaqc.com\\\/after-treatment-body-image\\\/#primaryimage\",\"url\":\"https:\\\/\\\/e-impaqc.com\\\/wp-content\\\/uploads\\\/2024\\\/09\\\/body1-300x289.png\",\"contentUrl\":\"https:\\\/\\\/e-impaqc.com\\\/wp-content\\\/uploads\\\/2024\\\/09\\\/body1-300x289.png\"},{\"@type\":\"BreadcrumbList\",\"@id\":\"https:\\\/\\\/e-impaqc.com\\\/after-treatment-body-image\\\/#breadcrumb\",\"itemListElement\":[{\"@type\":\"ListItem\",\"position\":1,\"name\":\"Home\",\"item\":\"https:\\\/\\\/e-impaqc.com\\\/\"},{\"@type\":\"ListItem\",\"position\":2,\"name\":\"After treatment: Body image\"}]},{\"@type\":\"WebSite\",\"@id\":\"https:\\\/\\\/e-impaqc.com\\\/fr\\\/#website\",\"url\":\"https:\\\/\\\/e-impaqc.com\\\/fr\\\/\",\"name\":\"e-IMPAQc\",\"description\":\"Tools to monitor symptoms of cancer\",\"publisher\":{\"@id\":\"https:\\\/\\\/e-impaqc.com\\\/fr\\\/#organization\"},\"potentialAction\":[{\"@type\":\"SearchAction\",\"target\":{\"@type\":\"EntryPoint\",\"urlTemplate\":\"https:\\\/\\\/e-impaqc.com\\\/fr\\\/?s={search_term_string}\"},\"query-input\":{\"@type\":\"PropertyValueSpecification\",\"valueRequired\":true,\"valueName\":\"search_term_string\"}}],\"inLanguage\":\"fr-CA\"},{\"@type\":\"Organization\",\"@id\":\"https:\\\/\\\/e-impaqc.com\\\/fr\\\/#organization\",\"name\":\"e-IMPAQc\",\"url\":\"https:\\\/\\\/e-impaqc.com\\\/fr\\\/\",\"logo\":{\"@type\":\"ImageObject\",\"inLanguage\":\"fr-CA\",\"@id\":\"https:\\\/\\\/e-impaqc.com\\\/fr\\\/#\\\/schema\\\/logo\\\/image\\\/\",\"url\":\"https:\\\/\\\/e-impaqc.com\\\/wp-content\\\/uploads\\\/2019\\\/11\\\/e-IMPAQc_logo_high_def_1.png\",\"contentUrl\":\"https:\\\/\\\/e-impaqc.com\\\/wp-content\\\/uploads\\\/2019\\\/11\\\/e-IMPAQc_logo_high_def_1.png\",\"width\":2000,\"height\":2170,\"caption\":\"e-IMPAQc\"},\"image\":{\"@id\":\"https:\\\/\\\/e-impaqc.com\\\/fr\\\/#\\\/schema\\\/logo\\\/image\\\/\"},\"sameAs\":[\"https:\\\/\\\/www.facebook.com\\\/eIMPAQc\\\/\",\"https:\\\/\\\/x.com\\\/eIMPAQc\"]}]}<\/script>\n<!-- \/ Yoast SEO plugin. -->","yoast_head_json":{"title":"After treatment: Body image - e-IMPAQc","robots":{"index":"index","follow":"follow","max-snippet":"max-snippet:-1","max-image-preview":"max-image-preview:large","max-video-preview":"max-video-preview:-1"},"canonical":"https:\/\/e-impaqc.com\/fr\/after-treatment-body-image\/","og_locale":"fr_CA","og_type":"article","og_title":"After treatment: Body image - e-IMPAQc","og_description":"After Treatment: Body image PDF version &#8220;My cancer treatment made changes to my body. Will I ever feel like myself again?\u201d Roxanne, 32 Breast cancer survivor Why might I have problems with my body image after my cancer treatment? Our body image has much to do with how we see ourselves. Some may have strong [&hellip;]","og_url":"https:\/\/e-impaqc.com\/fr\/after-treatment-body-image\/","og_site_name":"e-IMPAQc","article_publisher":"https:\/\/www.facebook.com\/eIMPAQc\/","article_modified_time":"2024-12-12T15:41:16+00:00","og_image":[{"width":320,"height":308,"url":"https:\/\/e-impaqc.com\/wp-content\/uploads\/2024\/09\/body1.png","type":"image\/png"}],"twitter_card":"summary_large_image","twitter_site":"@eIMPAQc","twitter_misc":{"Estimation du temps de lecture":"11 minutes"},"schema":{"@context":"https:\/\/schema.org","@graph":[{"@type":"WebPage","@id":"https:\/\/e-impaqc.com\/after-treatment-body-image\/","url":"https:\/\/e-impaqc.com\/after-treatment-body-image\/","name":"After treatment: Body image - e-IMPAQc","isPartOf":{"@id":"https:\/\/e-impaqc.com\/fr\/#website"},"primaryImageOfPage":{"@id":"https:\/\/e-impaqc.com\/after-treatment-body-image\/#primaryimage"},"image":{"@id":"https:\/\/e-impaqc.com\/after-treatment-body-image\/#primaryimage"},"thumbnailUrl":"https:\/\/e-impaqc.com\/wp-content\/uploads\/2024\/09\/body1-300x289.png","datePublished":"2024-09-24T14:42:57+00:00","dateModified":"2024-12-12T15:41:16+00:00","breadcrumb":{"@id":"https:\/\/e-impaqc.com\/after-treatment-body-image\/#breadcrumb"},"inLanguage":"fr-CA","potentialAction":[{"@type":"ReadAction","target":["https:\/\/e-impaqc.com\/after-treatment-body-image\/"]}]},{"@type":"ImageObject","inLanguage":"fr-CA","@id":"https:\/\/e-impaqc.com\/after-treatment-body-image\/#primaryimage","url":"https:\/\/e-impaqc.com\/wp-content\/uploads\/2024\/09\/body1-300x289.png","contentUrl":"https:\/\/e-impaqc.com\/wp-content\/uploads\/2024\/09\/body1-300x289.png"},{"@type":"BreadcrumbList","@id":"https:\/\/e-impaqc.com\/after-treatment-body-image\/#breadcrumb","itemListElement":[{"@type":"ListItem","position":1,"name":"Home","item":"https:\/\/e-impaqc.com\/"},{"@type":"ListItem","position":2,"name":"After treatment: Body image"}]},{"@type":"WebSite","@id":"https:\/\/e-impaqc.com\/fr\/#website","url":"https:\/\/e-impaqc.com\/fr\/","name":"e-IMPAQc","description":"Tools to monitor symptoms of cancer","publisher":{"@id":"https:\/\/e-impaqc.com\/fr\/#organization"},"potentialAction":[{"@type":"SearchAction","target":{"@type":"EntryPoint","urlTemplate":"https:\/\/e-impaqc.com\/fr\/?s={search_term_string}"},"query-input":{"@type":"PropertyValueSpecification","valueRequired":true,"valueName":"search_term_string"}}],"inLanguage":"fr-CA"},{"@type":"Organization","@id":"https:\/\/e-impaqc.com\/fr\/#organization","name":"e-IMPAQc","url":"https:\/\/e-impaqc.com\/fr\/","logo":{"@type":"ImageObject","inLanguage":"fr-CA","@id":"https:\/\/e-impaqc.com\/fr\/#\/schema\/logo\/image\/","url":"https:\/\/e-impaqc.com\/wp-content\/uploads\/2019\/11\/e-IMPAQc_logo_high_def_1.png","contentUrl":"https:\/\/e-impaqc.com\/wp-content\/uploads\/2019\/11\/e-IMPAQc_logo_high_def_1.png","width":2000,"height":2170,"caption":"e-IMPAQc"},"image":{"@id":"https:\/\/e-impaqc.com\/fr\/#\/schema\/logo\/image\/"},"sameAs":["https:\/\/www.facebook.com\/eIMPAQc\/","https:\/\/x.com\/eIMPAQc"]}]}},"_links":{"self":[{"href":"https:\/\/e-impaqc.com\/fr\/wp-json\/wp\/v2\/pages\/10167","targetHints":{"allow":["GET"]}}],"collection":[{"href":"https:\/\/e-impaqc.com\/fr\/wp-json\/wp\/v2\/pages"}],"about":[{"href":"https:\/\/e-impaqc.com\/fr\/wp-json\/wp\/v2\/types\/page"}],"author":[{"embeddable":true,"href":"https:\/\/e-impaqc.com\/fr\/wp-json\/wp\/v2\/users\/1"}],"replies":[{"embeddable":true,"href":"https:\/\/e-impaqc.com\/fr\/wp-json\/wp\/v2\/comments?post=10167"}],"version-history":[{"count":51,"href":"https:\/\/e-impaqc.com\/fr\/wp-json\/wp\/v2\/pages\/10167\/revisions"}],"predecessor-version":[{"id":10474,"href":"https:\/\/e-impaqc.com\/fr\/wp-json\/wp\/v2\/pages\/10167\/revisions\/10474"}],"wp:attachment":[{"href":"https:\/\/e-impaqc.com\/fr\/wp-json\/wp\/v2\/media?parent=10167"}],"curies":[{"name":"wp","href":"https:\/\/api.w.org\/{rel}","templated":true}]}}