{"id":2875,"date":"2020-08-19T14:24:36","date_gmt":"2020-08-19T18:24:36","guid":{"rendered":"https:\/\/e-impaqc.com\/?page_id=2875"},"modified":"2024-07-12T14:02:31","modified_gmt":"2024-07-12T18:02:31","slug":"loss-of-appetite","status":"publish","type":"page","link":"https:\/\/e-impaqc.com\/fr\/perte-d-appetit\/","title":{"rendered":"Perte d\u2019app\u00e9tit"},"content":{"rendered":"<div data-elementor-type=\"wp-page\" data-elementor-id=\"2875\" class=\"elementor elementor-2875\">\n\t\t\t\t\t\t<section class=\"elementor-section elementor-top-section elementor-element elementor-element-36d233dc elementor-section-stretched elementor-section-full_width elementor-section-height-default elementor-section-height-default\" data-id=\"36d233dc\" data-element_type=\"section\" data-e-type=\"section\" data-settings=\"{&quot;background_background&quot;:&quot;classic&quot;,&quot;stretch_section&quot;:&quot;section-stretched&quot;}\">\n\t\t\t\t\t\t<div class=\"elementor-container elementor-column-gap-default\">\n\t\t\t\t\t<div class=\"elementor-column elementor-col-100 elementor-top-column elementor-element elementor-element-5c7629db\" data-id=\"5c7629db\" data-element_type=\"column\" data-e-type=\"column\" data-settings=\"{&quot;background_background&quot;:&quot;gradient&quot;}\">\n\t\t\t<div class=\"elementor-widget-wrap elementor-element-populated\">\n\t\t\t\t\t\t<div class=\"elementor-element elementor-element-430c9c25 elementor-widget elementor-widget-heading\" data-id=\"430c9c25\" data-element_type=\"widget\" data-e-type=\"widget\" data-widget_type=\"heading.default\">\n\t\t\t\t<div class=\"elementor-widget-container\">\n\t\t\t\t\t<h1 class=\"elementor-heading-title elementor-size-default\">Perte d\u2019app\u00e9tit<\/h1>\t\t\t\t<\/div>\n\t\t\t\t<\/div>\n\t\t\t\t\t<\/div>\n\t\t<\/div>\n\t\t\t\t\t<\/div>\n\t\t<\/section>\n\t\t\t\t<section class=\"elementor-section elementor-top-section elementor-element elementor-element-108c9c34 elementor-section-boxed elementor-section-height-default elementor-section-height-default\" data-id=\"108c9c34\" data-element_type=\"section\" data-e-type=\"section\">\n\t\t\t\t\t\t<div class=\"elementor-container elementor-column-gap-default\">\n\t\t\t\t\t<div class=\"elementor-column elementor-col-100 elementor-top-column elementor-element elementor-element-63f05c36\" data-id=\"63f05c36\" data-element_type=\"column\" data-e-type=\"column\">\n\t\t\t<div class=\"elementor-widget-wrap elementor-element-populated\">\n\t\t\t\t\t\t<div class=\"elementor-element elementor-element-1366b852 elementor-widget elementor-widget-spacer\" data-id=\"1366b852\" data-element_type=\"widget\" data-e-type=\"widget\" data-widget_type=\"spacer.default\">\n\t\t\t\t<div class=\"elementor-widget-container\">\n\t\t\t\t\t\t\t<div class=\"elementor-spacer\">\n\t\t\t<div class=\"elementor-spacer-inner\"><\/div>\n\t\t<\/div>\n\t\t\t\t\t\t<\/div>\n\t\t\t\t<\/div>\n\t\t\t\t<div class=\"elementor-element elementor-element-5fda54c4 elementor-widget elementor-widget-menu-anchor\" data-id=\"5fda54c4\" data-element_type=\"widget\" data-e-type=\"widget\" data-widget_type=\"menu-anchor.default\">\n\t\t\t\t<div class=\"elementor-widget-container\">\n\t\t\t\t\t\t\t<div class=\"elementor-menu-anchor\" id=\"appetite-page\"><\/div>\n\t\t\t\t\t\t<\/div>\n\t\t\t\t<\/div>\n\t\t\t\t<div class=\"elementor-element elementor-element-754e627 elementor-widget elementor-widget-text-editor\" data-id=\"754e627\" data-element_type=\"widget\" data-e-type=\"widget\" data-widget_type=\"text-editor.default\">\n\t\t\t\t<div class=\"elementor-widget-container\">\n\t\t\t\t\t\t\t\t\t<p style=\"text-align: right;\"><a href=\"https:\/\/e-impaqc.com\/wp-content\/uploads\/2022\/06\/e-IMPAQc_Appetite_FR.pdf\" target=\"_blank\" rel=\"\u201cnoopener\"><i class=\"fas fa-print\"><\/i> <u>Version PDF<\/u><\/a><\/p>\t\t\t\t\t\t\t\t<\/div>\n\t\t\t\t<\/div>\n\t\t\t\t\t<\/div>\n\t\t<\/div>\n\t\t\t\t\t<\/div>\n\t\t<\/section>\n\t\t\t\t<section class=\"elementor-section elementor-top-section elementor-element elementor-element-81749f1 elementor-section-stretched elementor-section-boxed elementor-section-height-default elementor-section-height-default\" data-id=\"81749f1\" data-element_type=\"section\" data-e-type=\"section\" data-settings=\"{&quot;stretch_section&quot;:&quot;section-stretched&quot;}\">\n\t\t\t\t\t\t<div class=\"elementor-container elementor-column-gap-wider\">\n\t\t\t\t\t<div class=\"elementor-column elementor-col-33 elementor-top-column elementor-element elementor-element-16deb186 elementor-hidden-phone symptom-menu\" data-id=\"16deb186\" data-element_type=\"column\" data-e-type=\"column\">\n\t\t\t<div class=\"elementor-widget-wrap\">\n\t\t\t\t\t\t\t<\/div>\n\t\t<\/div>\n\t\t\t\t<div class=\"elementor-column elementor-col-66 elementor-top-column elementor-element elementor-element-1d022807\" data-id=\"1d022807\" data-element_type=\"column\" data-e-type=\"column\">\n\t\t\t<div class=\"elementor-widget-wrap elementor-element-populated\">\n\t\t\t\t\t\t<section class=\"elementor-section elementor-inner-section elementor-element elementor-element-08a8b8f elementor-section-boxed elementor-section-height-default elementor-section-height-default\" data-id=\"08a8b8f\" data-element_type=\"section\" data-e-type=\"section\">\n\t\t\t\t\t\t<div class=\"elementor-container elementor-column-gap-default\">\n\t\t\t\t\t<div class=\"elementor-column elementor-col-33 elementor-inner-column elementor-element elementor-element-95c189c\" data-id=\"95c189c\" data-element_type=\"column\" data-e-type=\"column\">\n\t\t\t<div class=\"elementor-widget-wrap elementor-element-populated\">\n\t\t\t\t\t\t<div class=\"elementor-element elementor-element-436a5db elementor-widget elementor-widget-image\" data-id=\"436a5db\" data-element_type=\"widget\" data-e-type=\"widget\" data-widget_type=\"image.default\">\n\t\t\t\t<div class=\"elementor-widget-container\">\n\t\t\t\t\t\t\t\t\t\t\t\t\t\t\t<img decoding=\"async\" width=\"150\" height=\"151\" src=\"https:\/\/e-impaqc.com\/wp-content\/uploads\/2020\/12\/margaret.png\" class=\"attachment-large size-large wp-image-3457\" alt=\"\" srcset=\"https:\/\/e-impaqc.com\/wp-content\/uploads\/2020\/12\/margaret.png 150w, https:\/\/e-impaqc.com\/wp-content\/uploads\/2020\/12\/margaret-12x12.png 12w\" sizes=\"(max-width: 150px) 100vw, 150px\" \/>\t\t\t\t\t\t\t\t\t\t\t\t\t\t\t<\/div>\n\t\t\t\t<\/div>\n\t\t\t\t\t<\/div>\n\t\t<\/div>\n\t\t\t\t<div class=\"elementor-column elementor-col-66 elementor-inner-column elementor-element elementor-element-651daf6\" data-id=\"651daf6\" data-element_type=\"column\" data-e-type=\"column\">\n\t\t\t<div class=\"elementor-widget-wrap elementor-element-populated\">\n\t\t\t\t\t\t<div class=\"elementor-element elementor-element-30c4182 elementor-widget elementor-widget-testimonial\" data-id=\"30c4182\" data-element_type=\"widget\" data-e-type=\"widget\" data-widget_type=\"testimonial.default\">\n\t\t\t\t<div class=\"elementor-widget-container\">\n\t\t\t\t\t\t\t<div class=\"elementor-testimonial-wrapper\">\n\t\t\t\t\t\t\t<div class=\"elementor-testimonial-content\">Apr\u00e8s les traitements je ne voulais pas manger. Je savais que je devais manger pour garder mes forces, mais ce n\u2019\u00e9tait vraiment pas facile.<\/div>\n\t\t\t\n\t\t\t\t\t\t<div class=\"elementor-testimonial-meta\">\n\t\t\t\t<div class=\"elementor-testimonial-meta-inner\">\n\t\t\t\t\t\n\t\t\t\t\t\t\t\t\t\t<div class=\"elementor-testimonial-details\">\n\t\t\t\t\t\t\t\t\t\t\t\t\t\t<div class=\"elementor-testimonial-name\">Margaret<\/div>\n\t\t\t\t\t\t\t\t\t\t\t\t\t\t\t\t\t\t\t\t\t\t<div class=\"elementor-testimonial-job\">diagnostiqu\u00e9e avec un cancer du sein<\/div>\n\t\t\t\t\t\t\t\t\t\t\t\t\t<\/div>\n\t\t\t\t\t\t\t\t\t<\/div>\n\t\t\t<\/div>\n\t\t\t\t\t<\/div>\n\t\t\t\t\t\t<\/div>\n\t\t\t\t<\/div>\n\t\t\t\t\t<\/div>\n\t\t<\/div>\n\t\t\t\t\t<\/div>\n\t\t<\/section>\n\t\t\t\t<div class=\"elementor-element elementor-element-7146508c elementor-widget elementor-widget-spacer\" data-id=\"7146508c\" data-element_type=\"widget\" data-e-type=\"widget\" data-widget_type=\"spacer.default\">\n\t\t\t\t<div class=\"elementor-widget-container\">\n\t\t\t\t\t\t\t<div class=\"elementor-spacer\">\n\t\t\t<div class=\"elementor-spacer-inner\"><\/div>\n\t\t<\/div>\n\t\t\t\t\t\t<\/div>\n\t\t\t\t<\/div>\n\t\t\t\t<section class=\"elementor-section elementor-inner-section elementor-element elementor-element-97b7b9e elementor-section-boxed elementor-section-height-default elementor-section-height-default\" data-id=\"97b7b9e\" data-element_type=\"section\" data-e-type=\"section\">\n\t\t\t\t\t\t<div class=\"elementor-container elementor-column-gap-default\">\n\t\t\t\t\t<div class=\"elementor-column elementor-col-100 elementor-inner-column elementor-element elementor-element-3df7239\" data-id=\"3df7239\" data-element_type=\"column\" data-e-type=\"column\">\n\t\t\t<div class=\"elementor-widget-wrap elementor-element-populated\">\n\t\t\t\t\t\t<div class=\"elementor-element elementor-element-578cf41f elementor-widget elementor-widget-wp-widget-nav_menu\" data-id=\"578cf41f\" data-element_type=\"widget\" data-e-type=\"widget\" data-widget_type=\"wp-widget-nav_menu.default\">\n\t\t\t\t<div class=\"elementor-widget-container\">\n\t\t\t\t\t<h5>Sujets abord\u00e9s sur cette page :<\/h5><div class=\"menu-appetite-menu-en-container\"><ul id=\"menu-appetite-menu-en\" class=\"menu\"><li id=\"menu-item-2879\" class=\"menu-item menu-item-type-post_type menu-item-object-page menu-item-has-children menu-item-2879\"><a href=\"https:\/\/e-impaqc.com\/fr\/gestion-des-symptomes\/\">\u21e6 Retour au Gestion des sympt\u00f4mes<\/a>\n<ul class=\"sub-menu\">\n\t<li id=\"menu-item-2880\" class=\"menu-item menu-item-type-custom menu-item-object-custom menu-item-has-children menu-item-2880\"><a href=\"#appetite-page\">La perte d\u2019app\u00e9tit<\/a>\n\t<ul class=\"sub-menu\">\n\t\t<li id=\"menu-item-2881\" class=\"menu-item menu-item-type-custom menu-item-object-custom menu-item-2881\"><a href=\"#what-is-cancer-related-loss-of-appetite\">Qu\u2019est-ce que la perte d\u2019app\u00e9tit associ\u00e9e au cancer?<\/a><\/li>\n\t\t<li id=\"menu-item-2882\" class=\"menu-item menu-item-type-custom menu-item-object-custom menu-item-2882\"><a href=\"#what-causes-loss-of-appetite\">Qu\u2019est-ce qui cause la perte d\u2019app\u00e9tit?<\/a><\/li>\n\t\t<li id=\"menu-item-2883\" class=\"menu-item menu-item-type-custom menu-item-object-custom menu-item-2883\"><a href=\"#what-are-the-signs-of-loss-of-appetite\">Comment se manifeste la perte d\u2019app\u00e9tit?<\/a><\/li>\n\t\t<li id=\"menu-item-2884\" class=\"menu-item menu-item-type-custom menu-item-object-custom menu-item-2884\"><a href=\"#when-should-i-get-help-for-my-loss-of-appetite\">Quand devrais-je demander de l\u2019aide pour ma perte d\u2019app\u00e9tit?<\/a><\/li>\n\t\t<li id=\"menu-item-2885\" class=\"menu-item menu-item-type-custom menu-item-object-custom menu-item-2885\"><a href=\"#what-can-i-do-to-manage-my-loss-of-appetite\">Que puis-je faire pour g\u00e9rer ma perte d\u2019app\u00e9tit?<\/a><\/li>\n\t\t<li id=\"menu-item-2886\" class=\"menu-item menu-item-type-custom menu-item-object-custom menu-item-2886\"><a href=\"#appetite-resources\">Ressources<\/a><\/li>\n\t<\/ul>\n<\/li>\n<\/ul>\n<\/li>\n<\/ul><\/div>\t\t\t\t<\/div>\n\t\t\t\t<\/div>\n\t\t\t\t\t<\/div>\n\t\t<\/div>\n\t\t\t\t\t<\/div>\n\t\t<\/section>\n\t\t\t\t<div class=\"elementor-element elementor-element-add7fd0 elementor-widget elementor-widget-spacer\" data-id=\"add7fd0\" data-element_type=\"widget\" data-e-type=\"widget\" data-widget_type=\"spacer.default\">\n\t\t\t\t<div class=\"elementor-widget-container\">\n\t\t\t\t\t\t\t<div class=\"elementor-spacer\">\n\t\t\t<div class=\"elementor-spacer-inner\"><\/div>\n\t\t<\/div>\n\t\t\t\t\t\t<\/div>\n\t\t\t\t<\/div>\n\t\t\t\t<div class=\"elementor-element elementor-element-3a28635 elementor-widget elementor-widget-menu-anchor\" data-id=\"3a28635\" data-element_type=\"widget\" data-e-type=\"widget\" data-widget_type=\"menu-anchor.default\">\n\t\t\t\t<div class=\"elementor-widget-container\">\n\t\t\t\t\t\t\t<div class=\"elementor-menu-anchor\" id=\"what-is-cancer-related-loss-of-appetite\"><\/div>\n\t\t\t\t\t\t<\/div>\n\t\t\t\t<\/div>\n\t\t\t\t<div class=\"elementor-element elementor-element-41038405 elementor-widget elementor-widget-heading\" data-id=\"41038405\" data-element_type=\"widget\" data-e-type=\"widget\" data-widget_type=\"heading.default\">\n\t\t\t\t<div class=\"elementor-widget-container\">\n\t\t\t\t\t<h2 class=\"elementor-heading-title elementor-size-default\">Qu\u2019est-ce que la perte d\u2019app\u00e9tit associ\u00e9e au cancer?<\/h2>\t\t\t\t<\/div>\n\t\t\t\t<\/div>\n\t\t\t\t<div class=\"elementor-element elementor-element-e1286df elementor-widget elementor-widget-text-editor\" data-id=\"e1286df\" data-element_type=\"widget\" data-e-type=\"widget\" data-widget_type=\"text-editor.default\">\n\t\t\t\t<div class=\"elementor-widget-container\">\n\t\t\t\t\t\t\t\t\t<p>La perte d\u2019app\u00e9tit est d\u00e9crite comme la perte de l\u2019envie de manger. Plusieurs personnes rapportent une perte d\u2019app\u00e9tit pendant ou apr\u00e8s les traitements contre le cancer. Il peut s'agir d'un effet secondaire du traitement, du cancer ou vous pouvez perdre l'app\u00e9tit en raison de la fa\u00e7on dont vous vous sentez par rapport au traitement (par exemple tristesse, anxi\u00e9t\u00e9).<\/p><ul><li><strong>De quelle mani\u00e8re cela peut-il m\u2019affecter\u2009? <\/strong>Manger moins peut avoir pour effet une alimentation insuffisante, une perte de poids ou une perte de force. Il est normal de ressentir de la frustration parce que vous ne voulez pas manger, bien que vous sachiez que vous devez conserver vos forces pendant les traitements. Chaque personne ressent la perte d\u2019app\u00e9tit diff\u00e9remment. Vous pouvez simplement ne plus avoir h\u00e2te aux repas comme avant ou vous pouvez trouver que vous avez peu d\u2019int\u00e9r\u00eat pour la nourriture.<\/li><li><strong>Est-ce que \u00e7a s\u2019am\u00e9liore?<\/strong> La perte d\u2019app\u00e9tit peut \u00eatre temporaire et l\u2019app\u00e9tit revient souvent \u00e0 la normale apr\u00e8s la fin des traitements. Lorsque vous avez une perte d\u2019app\u00e9tit, il est possible d\u2019utiliser diff\u00e9rentes strat\u00e9gies d\u2019autogestion pour vous aider \u00e0 obtenir l\u2019apport de prot\u00e9ines et de calories dont votre corps a besoin. Certaines de ces strat\u00e9gies sont d\u00e9crites dans la section <a href=\"#what-can-i-do-to-manage-my-loss-of-appetite\">Que puis-je faire pour g\u00e9rer ma perte d\u2019app\u00e9tit?<\/a>).<\/li><\/ul>\t\t\t\t\t\t\t\t<\/div>\n\t\t\t\t<\/div>\n\t\t\t\t<div class=\"elementor-element elementor-element-b37a36c elementor-widget elementor-widget-spacer\" data-id=\"b37a36c\" data-element_type=\"widget\" data-e-type=\"widget\" data-widget_type=\"spacer.default\">\n\t\t\t\t<div class=\"elementor-widget-container\">\n\t\t\t\t\t\t\t<div class=\"elementor-spacer\">\n\t\t\t<div class=\"elementor-spacer-inner\"><\/div>\n\t\t<\/div>\n\t\t\t\t\t\t<\/div>\n\t\t\t\t<\/div>\n\t\t\t\t<div class=\"elementor-element elementor-element-3663aef6 elementor-widget elementor-widget-menu-anchor\" data-id=\"3663aef6\" data-element_type=\"widget\" data-e-type=\"widget\" data-widget_type=\"menu-anchor.default\">\n\t\t\t\t<div class=\"elementor-widget-container\">\n\t\t\t\t\t\t\t<div class=\"elementor-menu-anchor\" id=\"what-causes-loss-of-appetite\"><\/div>\n\t\t\t\t\t\t<\/div>\n\t\t\t\t<\/div>\n\t\t\t\t<div class=\"elementor-element elementor-element-ff5e5f9 elementor-widget elementor-widget-image\" data-id=\"ff5e5f9\" data-element_type=\"widget\" data-e-type=\"widget\" data-widget_type=\"image.default\">\n\t\t\t\t<div class=\"elementor-widget-container\">\n\t\t\t\t\t\t\t\t\t\t\t\t\t\t\t<img fetchpriority=\"high\" decoding=\"async\" width=\"513\" height=\"200\" src=\"https:\/\/e-impaqc.com\/wp-content\/uploads\/2020\/12\/appetite_causes.png\" class=\"attachment-medium_large size-medium_large wp-image-3458\" alt=\"\" srcset=\"https:\/\/e-impaqc.com\/wp-content\/uploads\/2020\/12\/appetite_causes.png 513w, https:\/\/e-impaqc.com\/wp-content\/uploads\/2020\/12\/appetite_causes-300x117.png 300w, https:\/\/e-impaqc.com\/wp-content\/uploads\/2020\/12\/appetite_causes-16x6.png 16w\" sizes=\"(max-width: 513px) 100vw, 513px\" \/>\t\t\t\t\t\t\t\t\t\t\t\t\t\t\t<\/div>\n\t\t\t\t<\/div>\n\t\t\t\t<div class=\"elementor-element elementor-element-4770a8d6 elementor-widget elementor-widget-heading\" data-id=\"4770a8d6\" data-element_type=\"widget\" data-e-type=\"widget\" data-widget_type=\"heading.default\">\n\t\t\t\t<div class=\"elementor-widget-container\">\n\t\t\t\t\t<h2 class=\"elementor-heading-title elementor-size-default\">Qu\u2019est-ce qui cause la perte d\u2019app\u00e9tit?<\/h2>\t\t\t\t<\/div>\n\t\t\t\t<\/div>\n\t\t\t\t<div class=\"elementor-element elementor-element-36271dae elementor-widget elementor-widget-text-editor\" data-id=\"36271dae\" data-element_type=\"widget\" data-e-type=\"widget\" data-widget_type=\"text-editor.default\">\n\t\t\t\t<div class=\"elementor-widget-container\">\n\t\t\t\t\t\t\t\t\t<p>Il y a un certain nombre de causes possibles pour votre perte d\u2019app\u00e9tit associ\u00e9e au cancer.<\/p><ul><li>Les changements dans le go\u00fbt et l\u2019odeur des aliments r\u00e9sultant des traitements<\/li><li><a href=\"https:\/\/e-impaqc.com\/fr\/anxiete\/\">Anxi\u00e9t\u00e9<\/a> ou <a href=\"https:\/\/e-impaqc.com\/fr\/depression\/\">d\u00e9pression<\/a> associ\u00e9e au diagnostic ou aux traitements contre le cancer<\/li><li>L\u2019\u00e9puisement qui vous laisse peu d\u2019\u00e9nergie pour pr\u00e9parer un repas<\/li><li>La difficult\u00e9 \u00e0 mastiquer ou avaler \u00e0 cause des ulc\u00e8res dans la bouche caus\u00e9s par la radioth\u00e9rapie ou la chimioth\u00e9rapie<\/li><li>D'autres sympt\u00f4mes li\u00e9s au traitement, comme la constipation, la diarrh\u00e9e ou la douleur, peuvent vous dissuader de vouloir manger<\/li><\/ul>\t\t\t\t\t\t\t\t<\/div>\n\t\t\t\t<\/div>\n\t\t\t\t<div class=\"elementor-element elementor-element-40670ac elementor-widget elementor-widget-spacer\" data-id=\"40670ac\" data-element_type=\"widget\" data-e-type=\"widget\" data-widget_type=\"spacer.default\">\n\t\t\t\t<div class=\"elementor-widget-container\">\n\t\t\t\t\t\t\t<div class=\"elementor-spacer\">\n\t\t\t<div class=\"elementor-spacer-inner\"><\/div>\n\t\t<\/div>\n\t\t\t\t\t\t<\/div>\n\t\t\t\t<\/div>\n\t\t\t\t<div class=\"elementor-element elementor-element-635e4613 elementor-widget elementor-widget-menu-anchor\" data-id=\"635e4613\" data-element_type=\"widget\" data-e-type=\"widget\" data-widget_type=\"menu-anchor.default\">\n\t\t\t\t<div class=\"elementor-widget-container\">\n\t\t\t\t\t\t\t<div class=\"elementor-menu-anchor\" id=\"what-are-the-signs-of-loss-of-appetite\"><\/div>\n\t\t\t\t\t\t<\/div>\n\t\t\t\t<\/div>\n\t\t\t\t<div class=\"elementor-element elementor-element-27e0d46 elementor-widget elementor-widget-image\" data-id=\"27e0d46\" data-element_type=\"widget\" data-e-type=\"widget\" data-widget_type=\"image.default\">\n\t\t\t\t<div class=\"elementor-widget-container\">\n\t\t\t\t\t\t\t\t\t\t\t\t\t\t\t<img decoding=\"async\" src=\"https:\/\/e-impaqc.com\/wp-content\/uploads\/elementor\/thumbs\/appetite_man-ozkmn8ke3u1or6ekms5r2vi2ocpkttl5jv9hk34740.png\" title=\"appetite_man\" alt=\"appetite_man\" loading=\"lazy\" \/>\t\t\t\t\t\t\t\t\t\t\t\t\t\t\t<\/div>\n\t\t\t\t<\/div>\n\t\t\t\t<div class=\"elementor-element elementor-element-6f9234e5 elementor-widget elementor-widget-heading\" data-id=\"6f9234e5\" data-element_type=\"widget\" data-e-type=\"widget\" data-widget_type=\"heading.default\">\n\t\t\t\t<div class=\"elementor-widget-container\">\n\t\t\t\t\t<h2 class=\"elementor-heading-title elementor-size-default\">Comment se manifeste la perte d\u2019app\u00e9tit?\n<\/h2>\t\t\t\t<\/div>\n\t\t\t\t<\/div>\n\t\t\t\t<div class=\"elementor-element elementor-element-5c166ad5 elementor-widget elementor-widget-text-editor\" data-id=\"5c166ad5\" data-element_type=\"widget\" data-e-type=\"widget\" data-widget_type=\"text-editor.default\">\n\t\t\t\t<div class=\"elementor-widget-container\">\n\t\t\t\t\t\t\t\t\t<p>Les signes caract\u00e9ristiques de la perte d\u2019app\u00e9tit peuvent inclure :<strong>\u00a0<\/strong><\/p><ul><li>Ne pas manger la m\u00eame quantit\u00e9 que d\u2019habitude<\/li><li>Perdre du poids sans essayer<\/li><li>Ne pas ressentir la faim<\/li><li>Sauter des repas<\/li><li>Ressentir la sati\u00e9t\u00e9 apr\u00e8s avoir mang\u00e9 une petite quantit\u00e9 de nourriture<\/li><li>Ne plus aimer un aliment favori<\/li><li>Ressentir de l\u2019\u00e9puisement apr\u00e8s le traitement \u2013 ressentir une trop grande fatigue pour manger<\/li><li>Ne pas avoir de plaisir \u00e0 manger avec la famille ou les amis<\/li><\/ul>\t\t\t\t\t\t\t\t<\/div>\n\t\t\t\t<\/div>\n\t\t\t\t<div class=\"elementor-element elementor-element-846038e elementor-widget elementor-widget-spacer\" data-id=\"846038e\" data-element_type=\"widget\" data-e-type=\"widget\" data-widget_type=\"spacer.default\">\n\t\t\t\t<div class=\"elementor-widget-container\">\n\t\t\t\t\t\t\t<div class=\"elementor-spacer\">\n\t\t\t<div class=\"elementor-spacer-inner\"><\/div>\n\t\t<\/div>\n\t\t\t\t\t\t<\/div>\n\t\t\t\t<\/div>\n\t\t\t\t<div class=\"elementor-element elementor-element-7bf77396 elementor-widget elementor-widget-menu-anchor\" data-id=\"7bf77396\" data-element_type=\"widget\" data-e-type=\"widget\" data-widget_type=\"menu-anchor.default\">\n\t\t\t\t<div class=\"elementor-widget-container\">\n\t\t\t\t\t\t\t<div class=\"elementor-menu-anchor\" id=\"when-should-i-get-help-for-my-loss-of-appetite\"><\/div>\n\t\t\t\t\t\t<\/div>\n\t\t\t\t<\/div>\n\t\t\t\t<div class=\"elementor-element elementor-element-12f31da elementor-widget elementor-widget-image\" data-id=\"12f31da\" data-element_type=\"widget\" data-e-type=\"widget\" data-widget_type=\"image.default\">\n\t\t\t\t<div class=\"elementor-widget-container\">\n\t\t\t\t\t\t\t\t\t\t\t\t\t\t\t<img decoding=\"async\" width=\"254\" height=\"151\" src=\"https:\/\/e-impaqc.com\/wp-content\/uploads\/2020\/12\/help_appetite.png\" class=\"attachment-medium size-medium wp-image-3460\" alt=\"\" srcset=\"https:\/\/e-impaqc.com\/wp-content\/uploads\/2020\/12\/help_appetite.png 254w, https:\/\/e-impaqc.com\/wp-content\/uploads\/2020\/12\/help_appetite-16x10.png 16w\" sizes=\"(max-width: 254px) 100vw, 254px\" \/>\t\t\t\t\t\t\t\t\t\t\t\t\t\t\t<\/div>\n\t\t\t\t<\/div>\n\t\t\t\t<div class=\"elementor-element elementor-element-2f0f51d3 elementor-widget elementor-widget-heading\" data-id=\"2f0f51d3\" data-element_type=\"widget\" data-e-type=\"widget\" data-widget_type=\"heading.default\">\n\t\t\t\t<div class=\"elementor-widget-container\">\n\t\t\t\t\t<h2 class=\"elementor-heading-title elementor-size-default\">Quand devrais-je demander de l\u2019aide pour ma perte d\u2019app\u00e9tit? <\/h2>\t\t\t\t<\/div>\n\t\t\t\t<\/div>\n\t\t\t\t<div class=\"elementor-element elementor-element-18f3174f elementor-widget elementor-widget-text-editor\" data-id=\"18f3174f\" data-element_type=\"widget\" data-e-type=\"widget\" data-widget_type=\"text-editor.default\">\n\t\t\t\t<div class=\"elementor-widget-container\">\n\t\t\t\t\t\t\t\t\t<p>Il serait souhaitable de parler \u00e0 votre oncologue, votre infirmi\u00e8re, votre infirmi\u00e8re pivot, votre di\u00e9t\u00e9ticienne ou votre nutritionniste lors de votre prochain rendez-vous si l\u2019une des situations suivantes s\u2019av\u00e8rent \u00eatre votre cas (Pour des conseils sur la fa\u00e7on de parler avec votre \u00e9quipe de soins, veuillez consulter <a href=\"https:\/\/e-impaqc.com\/fr\/parler-avec-votre-professionnel-de-la-sante\/\">parlez avec votre \u00e9quipe de soins<\/a>):<\/p><ul><li>Vous perdez du poids sans essayer<\/li><li>Vous ressentez la sati\u00e9t\u00e9 sans avoir manger beaucoup<\/li><li>Vous souffrez de constipation ou de naus\u00e9e, de diarrh\u00e9e ou vous avez de la douleur due aux traitements contre le cancer et vous pensez que cela affecte votre d\u00e9sir de manger<\/li><li>Vous \u00eates incapable d\u2019appr\u00e9cier un repas<\/li><li>Vous ressentez de l\u2019inqui\u00e9tude au sujet de votre perte d\u2019app\u00e9tit<\/li><\/ul>\t\t\t\t\t\t\t\t<\/div>\n\t\t\t\t<\/div>\n\t\t\t\t<div class=\"elementor-element elementor-element-4f175db elementor-position-inline-start elementor-view-default elementor-mobile-position-block-start elementor-widget elementor-widget-icon-box\" data-id=\"4f175db\" data-element_type=\"widget\" data-e-type=\"widget\" data-widget_type=\"icon-box.default\">\n\t\t\t\t<div class=\"elementor-widget-container\">\n\t\t\t\t\t\t\t<div class=\"elementor-icon-box-wrapper\">\n\n\t\t\t\t\t\t<div class=\"elementor-icon-box-icon\">\n\t\t\t\t<span  class=\"elementor-icon\">\n\t\t\t\t<i aria-hidden=\"true\" class=\"fas fa-exclamation-triangle\"><\/i>\t\t\t\t<\/span>\n\t\t\t<\/div>\n\t\t\t\n\t\t\t\t\t\t<div class=\"elementor-icon-box-content\">\n\n\t\t\t\t\t\t\t\t\t<h3 class=\"elementor-icon-box-title\">\n\t\t\t\t\t\t<span  >\n\t\t\t\t\t\t\tParlez <u>imm\u00e9diatement<\/u> \u00e0 votre \u00e9quipe de soins si vous avez :\t\t\t\t\t\t<\/span>\n\t\t\t\t\t<\/h3>\n\t\t\t\t\n\t\t\t\t\t\t\t\t\t<p class=\"elementor-icon-box-description\">\n\t\t\t\t\t\t<ul><li>Vous ressentez de la douleur lorsque vous mangez<\/li>\n<li>Vous n\u2019avez rien mang\u00e9, ni bu au cours des derni\u00e8res 24 heures<\/li>\n<li>Vous avez perdu du poids au cours des 2 derni\u00e8res semaines sans le vouloir<\/li>\n<li>Votre \u00e9limination urinaire\/intestinale pr\u00e9sentent des changements qui vous inqui\u00e8tent.<\/li>\t\t\t\t\t<\/p>\n\t\t\t\t\n\t\t\t<\/div>\n\t\t\t\n\t\t<\/div>\n\t\t\t\t\t\t<\/div>\n\t\t\t\t<\/div>\n\t\t\t\t<div class=\"elementor-element elementor-element-1f6c50b3 elementor-widget elementor-widget-spacer\" data-id=\"1f6c50b3\" data-element_type=\"widget\" data-e-type=\"widget\" data-widget_type=\"spacer.default\">\n\t\t\t\t<div class=\"elementor-widget-container\">\n\t\t\t\t\t\t\t<div class=\"elementor-spacer\">\n\t\t\t<div class=\"elementor-spacer-inner\"><\/div>\n\t\t<\/div>\n\t\t\t\t\t\t<\/div>\n\t\t\t\t<\/div>\n\t\t\t\t<div class=\"elementor-element elementor-element-97a01a0 elementor-widget elementor-widget-menu-anchor\" data-id=\"97a01a0\" data-element_type=\"widget\" data-e-type=\"widget\" data-widget_type=\"menu-anchor.default\">\n\t\t\t\t<div class=\"elementor-widget-container\">\n\t\t\t\t\t\t\t<div class=\"elementor-menu-anchor\" id=\"what-can-i-do-to-manage-my-loss-of-appetite\"><\/div>\n\t\t\t\t\t\t<\/div>\n\t\t\t\t<\/div>\n\t\t\t\t<div class=\"elementor-element elementor-element-675e036 elementor-widget elementor-widget-heading\" data-id=\"675e036\" data-element_type=\"widget\" data-e-type=\"widget\" data-widget_type=\"heading.default\">\n\t\t\t\t<div class=\"elementor-widget-container\">\n\t\t\t\t\t<h2 class=\"elementor-heading-title elementor-size-default\">Que puis-je faire pour g\u00e9rer ma perte d\u2019app\u00e9tit?<\/h2>\t\t\t\t<\/div>\n\t\t\t\t<\/div>\n\t\t\t\t<div class=\"elementor-element elementor-element-6567cab8 elementor-widget elementor-widget-text-editor\" data-id=\"6567cab8\" data-element_type=\"widget\" data-e-type=\"widget\" data-widget_type=\"text-editor.default\">\n\t\t\t\t<div class=\"elementor-widget-container\">\n\t\t\t\t\t\t\t\t\t<p>Vous trouverez ci-dessous des strat\u00e9gies qui vous aideront \u00e0 g\u00e9rer votre perte d\u2019app\u00e9tit et obtenir l\u2019apport de calories dont vous avez besoin pour conserver vos forces. Bien manger peut vous aider \u00e0 maintenir votre \u00e9nergie afin de faire face au cancer et aux effets secondaires des traitements.<\/p>\t\t\t\t\t\t\t\t<\/div>\n\t\t\t\t<\/div>\n\t\t\t\t<div class=\"elementor-element elementor-element-67ddf5c elementor-widget elementor-widget-toggle\" data-id=\"67ddf5c\" data-element_type=\"widget\" data-e-type=\"widget\" data-widget_type=\"toggle.default\">\n\t\t\t\t<div class=\"elementor-widget-container\">\n\t\t\t\t\t\t\t<div class=\"elementor-toggle\">\n\t\t\t\t\t\t\t<div class=\"elementor-toggle-item\">\n\t\t\t\t\t<div id=\"elementor-tab-title-1081\" class=\"elementor-tab-title\" data-tab=\"1\" role=\"button\" aria-controls=\"elementor-tab-content-1081\" aria-expanded=\"false\">\n\t\t\t\t\t\t\t\t\t\t\t\t<span class=\"elementor-toggle-icon elementor-toggle-icon-left\" aria-hidden=\"true\">\n\t\t\t\t\t\t\t\t\t\t\t\t\t\t\t<span class=\"elementor-toggle-icon-closed\"><i class=\"fas fa-plus\"><\/i><\/span>\n\t\t\t\t\t\t\t\t<span class=\"elementor-toggle-icon-opened\"><i class=\"elementor-toggle-icon-opened fas fa-minus\"><\/i><\/span>\n\t\t\t\t\t\t\t\t\t\t\t\t\t<\/span>\n\t\t\t\t\t\t\t\t\t\t\t\t<a class=\"elementor-toggle-title\" tabindex=\"0\">Tenir un journal des sympt\u00f4mes<\/a>\n\t\t\t\t\t<\/div>\n\n\t\t\t\t\t<div id=\"elementor-tab-content-1081\" class=\"elementor-tab-content elementor-clearfix\" data-tab=\"1\" role=\"region\" aria-labelledby=\"elementor-tab-title-1081\"><p>Un journal de vos sympt\u00f4mes peut \u00eatre tr\u00e8s utile pour montrer \u00e0 votre \u00e9quipe de soins afin de les aider \u00e0 comprendre votre perte d\u2019app\u00e9tit et \u00e0 d\u00e9terminer comment la g\u00e9rer.<\/p><ul><li>\u00c9crivez ce que vous mangez et quand.<\/li><li>Dressez une liste de ce que vous aimez et ce que vous n\u2019aimez pas.<\/li><li>\u00c9crivez tout probl\u00e8me physique associ\u00e9 \u00e0 votre cancer ou \u00e0 vos traitements qui semble affecter votre d\u00e9sir de manger, comme la constipation, la naus\u00e9e, la diarrh\u00e9e ou la douleur.<\/li><li>Pour plus de conseils nutritionnels, consultez les pages 4 \u00e0 7 de\u00a0<a href=\"https:\/\/e-impaqc.com\/wp-content\/uploads\/2020\/09\/eIMPAQc-journal-symptomes.pdf\">Le journal des sympt\u00f4mes<\/a>.<\/li><li style=\"list-style-type: none;\">\u00a0<\/li><\/ul><\/div>\n\t\t\t\t<\/div>\n\t\t\t\t\t\t\t\t<\/div>\n\t\t\t\t\t\t<\/div>\n\t\t\t\t<\/div>\n\t\t\t\t<div class=\"elementor-element elementor-element-ef16106 elementor-widget elementor-widget-toggle\" data-id=\"ef16106\" data-element_type=\"widget\" data-e-type=\"widget\" data-widget_type=\"toggle.default\">\n\t\t\t\t<div class=\"elementor-widget-container\">\n\t\t\t\t\t\t\t<div class=\"elementor-toggle\">\n\t\t\t\t\t\t\t<div class=\"elementor-toggle-item\">\n\t\t\t\t\t<div id=\"elementor-tab-title-2501\" class=\"elementor-tab-title\" data-tab=\"1\" role=\"button\" aria-controls=\"elementor-tab-content-2501\" aria-expanded=\"false\">\n\t\t\t\t\t\t\t\t\t\t\t\t<span class=\"elementor-toggle-icon elementor-toggle-icon-left\" aria-hidden=\"true\">\n\t\t\t\t\t\t\t\t\t\t\t\t\t\t\t<span class=\"elementor-toggle-icon-closed\"><i class=\"fas fa-plus\"><\/i><\/span>\n\t\t\t\t\t\t\t\t<span class=\"elementor-toggle-icon-opened\"><i class=\"elementor-toggle-icon-opened fas fa-minus\"><\/i><\/span>\n\t\t\t\t\t\t\t\t\t\t\t\t\t<\/span>\n\t\t\t\t\t\t\t\t\t\t\t\t<a class=\"elementor-toggle-title\" tabindex=\"0\">Parlez \u00e0 une nutritionniste ou une di\u00e9t\u00e9ticienne<\/a>\n\t\t\t\t\t<\/div>\n\n\t\t\t\t\t<div id=\"elementor-tab-content-2501\" class=\"elementor-tab-content elementor-clearfix\" data-tab=\"1\" role=\"region\" aria-labelledby=\"elementor-tab-title-2501\"><p>Une nutritionniste peut vous aider \u00e0 planifier vos repas pour vous assurer que vous recevez les calories dont votre corps a besoin pour rester fort. Renseignez-vous s\u2019il y a une nutritionniste \u00e0 votre centre du cancer ou demandez une r\u00e9f\u00e9rence \u00e0 un membre de votre \u00e9quipe de soins. Une nutritionniste ou une di\u00e9t\u00e9ticienne peuvent \u00e9galement vous conseiller pour vous aider \u00e0 :<\/p><ul><li>Apprendre quels sont les aliments \u00e9lev\u00e9s en prot\u00e9ines et en calories et des recettes pour inclure davantage ces ingr\u00e9dients dans la nourriture que vous \u00eates capable de manger afin que vous en retiriez le maximum possible.<\/li><li>Apprendre \u00e0 \u00e9viter certains aliments parce qu\u2019ils produisent des gaz et vous rendent inconfortable.<\/li><li>Apprendre quels sont les aliments qui sont importants pour votre sant\u00e9 physique et mentale comme par exemple : les fruits et les l\u00e9gumes, les aliments riches en acide gras Omega 3 et vitamine B.<\/li><li>Apprendre quels sont les suppl\u00e9ments qui pourraient \u00eatre bons pour vous (Ensure\u00ae, Glucerna\u00ae, Boost\u00ae). Ceux-ci peuvent \u00eatre utilis\u00e9s seuls ou ajout\u00e9s \u00e0 un caf\u00e9, des c\u00e9r\u00e9ales chaudes ou des smoothies.<\/li><li style=\"list-style-type: none;\">\u00a0<\/li><\/ul><\/div>\n\t\t\t\t<\/div>\n\t\t\t\t\t\t\t\t<\/div>\n\t\t\t\t\t\t<\/div>\n\t\t\t\t<\/div>\n\t\t\t\t<div class=\"elementor-element elementor-element-5a15626 elementor-widget elementor-widget-toggle\" data-id=\"5a15626\" data-element_type=\"widget\" data-e-type=\"widget\" data-widget_type=\"toggle.default\">\n\t\t\t\t<div class=\"elementor-widget-container\">\n\t\t\t\t\t\t\t<div class=\"elementor-toggle\">\n\t\t\t\t\t\t\t<div class=\"elementor-toggle-item\">\n\t\t\t\t\t<div id=\"elementor-tab-title-9441\" class=\"elementor-tab-title\" data-tab=\"1\" role=\"button\" aria-controls=\"elementor-tab-content-9441\" aria-expanded=\"false\">\n\t\t\t\t\t\t\t\t\t\t\t\t<span class=\"elementor-toggle-icon elementor-toggle-icon-left\" aria-hidden=\"true\">\n\t\t\t\t\t\t\t\t\t\t\t\t\t\t\t<span class=\"elementor-toggle-icon-closed\"><i class=\"fas fa-plus\"><\/i><\/span>\n\t\t\t\t\t\t\t\t<span class=\"elementor-toggle-icon-opened\"><i class=\"elementor-toggle-icon-opened fas fa-minus\"><\/i><\/span>\n\t\t\t\t\t\t\t\t\t\t\t\t\t<\/span>\n\t\t\t\t\t\t\t\t\t\t\t\t<a class=\"elementor-toggle-title\" tabindex=\"0\">G\u00e9rez le go\u00fbt et l\u2019odeur des aliments<\/a>\n\t\t\t\t\t<\/div>\n\n\t\t\t\t\t<div id=\"elementor-tab-content-9441\" class=\"elementor-tab-content elementor-clearfix\" data-tab=\"1\" role=\"region\" aria-labelledby=\"elementor-tab-title-9441\"><ul><li>Nettoyez votre bouche avant et apr\u00e8s avoir mang\u00e9 pour garder votre bouche fra\u00eeche. Vous pouvez \u00e9galement vous rincer \u00e0 l'eau sal\u00e9e ou \u00e0 une solution de bicarbonate de soude et d'eau, si vous n'avez pas de plaies en bouche.<\/li><li>Mangez tout ce qui go\u00fbte bon pour vous.<\/li><li>Servez les aliments froids ou \u00e0 la temp\u00e9rature de la pi\u00e8ce afin de r\u00e9duire les odeurs fortes.<\/li><li>Exp\u00e9rimentez diff\u00e9rents aliments pour d\u00e9couvrir ceux qui ont un go\u00fbt et une odeur moins intenses pour vous pr\u00e9sentement.<\/li><li>\u00c9vitez les aliments trop \u00e9pic\u00e9s.<\/li><li>Essayez d'ajouter de nouvelles saveurs comme le citron, les cornichons, le vinaigre, la noix de muscade ou la cannelle. Faites attention \u00e0 ne pas utiliser de vinaigre ou de cornichons si vous avez des plaies dans la bouche.<\/li><li>Utilisez des ustensiles en plastique ou des baguettes si la nourriture a un go\u00fbt amer ou m\u00e9tallique. On rapporte souvent ceci comme un effet secondaire des traitements.<\/li><li>\u00c9vitez les aliments en conserve et, si possible, ne cuisinez pas avec des casseroles en m\u00e9tal.<\/li><li>Avant de manger, croquer dans une guimauve (sans l\u2019avaler) peut aider \u00e0 am\u00e9liorer le go\u00fbt des aliments consomm\u00e9s ensuite.<\/li><li style=\"list-style-type: none;\">\u00a0<\/li><\/ul><\/div>\n\t\t\t\t<\/div>\n\t\t\t\t\t\t\t\t<\/div>\n\t\t\t\t\t\t<\/div>\n\t\t\t\t<\/div>\n\t\t\t\t<div class=\"elementor-element elementor-element-7a527f9 elementor-widget elementor-widget-toggle\" data-id=\"7a527f9\" data-element_type=\"widget\" data-e-type=\"widget\" data-widget_type=\"toggle.default\">\n\t\t\t\t<div class=\"elementor-widget-container\">\n\t\t\t\t\t\t\t<div class=\"elementor-toggle\">\n\t\t\t\t\t\t\t<div class=\"elementor-toggle-item\">\n\t\t\t\t\t<div id=\"elementor-tab-title-1281\" class=\"elementor-tab-title\" data-tab=\"1\" role=\"button\" aria-controls=\"elementor-tab-content-1281\" aria-expanded=\"false\">\n\t\t\t\t\t\t\t\t\t\t\t\t<span class=\"elementor-toggle-icon elementor-toggle-icon-left\" aria-hidden=\"true\">\n\t\t\t\t\t\t\t\t\t\t\t\t\t\t\t<span class=\"elementor-toggle-icon-closed\"><i class=\"fas fa-plus\"><\/i><\/span>\n\t\t\t\t\t\t\t\t<span class=\"elementor-toggle-icon-opened\"><i class=\"elementor-toggle-icon-opened fas fa-minus\"><\/i><\/span>\n\t\t\t\t\t\t\t\t\t\t\t\t\t<\/span>\n\t\t\t\t\t\t\t\t\t\t\t\t<a class=\"elementor-toggle-title\" tabindex=\"0\">Mangez \u00e0 n\u2019importe quel moment et tout ce que vous pouvez<\/a>\n\t\t\t\t\t<\/div>\n\n\t\t\t\t\t<div id=\"elementor-tab-content-1281\" class=\"elementor-tab-content elementor-clearfix\" data-tab=\"1\" role=\"region\" aria-labelledby=\"elementor-tab-title-1281\"><ul><li>Gardez un horaire flexible pour vos repas et vos collations.<\/li><li>Essayez de manger 5 \u00e0 6 petits repas par jour plut\u00f4t que 3 gros repas.<\/li><li>Essayez de manger des petites collations m\u00eame lorsque vous n\u2019avez pas faim \u2013 manger plus lorsque vous ressentez la faim.<\/li><li>Essayez de ne pas sauter de repas.<\/li><li>Essayez de manger des aliments \u00e9lev\u00e9s en prot\u00e9ines et en calories (par exemple, fromage, lait, yogourt, cr\u00e8me glac\u00e9e) afin d\u2019augmenter la valeur nutritionnelle de vos repas et de vos collations.<\/li><li>Faites des soupes avec du lait plut\u00f4t qu\u2019avec de l\u2019eau afin d\u2019augmenter l\u2019apport de calories.<\/li><li>Vous pensez peut-\u00eatre ajouter des vitamines \u00e0 votre alimentation pour compenser le fait que celle-ci n\u2019est pas \u00e9quilibr\u00e9e. V\u00e9rifiez d'abord avec votre pharmacien ou votre di\u00e9t\u00e9ticien pour vous assurer qu'elles sont s\u00e9curitaires pour vous pendant le traitement.<\/li><li style=\"list-style-type: none;\">\u00a0<\/li><\/ul><\/div>\n\t\t\t\t<\/div>\n\t\t\t\t\t\t\t\t<\/div>\n\t\t\t\t\t\t<\/div>\n\t\t\t\t<\/div>\n\t\t\t\t<div class=\"elementor-element elementor-element-cab8e7c elementor-widget elementor-widget-toggle\" data-id=\"cab8e7c\" data-element_type=\"widget\" data-e-type=\"widget\" data-widget_type=\"toggle.default\">\n\t\t\t\t<div class=\"elementor-widget-container\">\n\t\t\t\t\t\t\t<div class=\"elementor-toggle\">\n\t\t\t\t\t\t\t<div class=\"elementor-toggle-item\">\n\t\t\t\t\t<div id=\"elementor-tab-title-2121\" class=\"elementor-tab-title\" data-tab=\"1\" role=\"button\" aria-controls=\"elementor-tab-content-2121\" aria-expanded=\"false\">\n\t\t\t\t\t\t\t\t\t\t\t\t<span class=\"elementor-toggle-icon elementor-toggle-icon-left\" aria-hidden=\"true\">\n\t\t\t\t\t\t\t\t\t\t\t\t\t\t\t<span class=\"elementor-toggle-icon-closed\"><i class=\"fas fa-plus\"><\/i><\/span>\n\t\t\t\t\t\t\t\t<span class=\"elementor-toggle-icon-opened\"><i class=\"elementor-toggle-icon-opened fas fa-minus\"><\/i><\/span>\n\t\t\t\t\t\t\t\t\t\t\t\t\t<\/span>\n\t\t\t\t\t\t\t\t\t\t\t\t<a class=\"elementor-toggle-title\" tabindex=\"0\">Boire beaucoup de liquide<\/a>\n\t\t\t\t\t<\/div>\n\n\t\t\t\t\t<div id=\"elementor-tab-content-2121\" class=\"elementor-tab-content elementor-clearfix\" data-tab=\"1\" role=\"region\" aria-labelledby=\"elementor-tab-title-2121\"><ul><li>Ne pas boire suffisamment cause la d\u00e9shydratation. La d\u00e9shydratation veut dire que votre corps n\u2019a pas la quantit\u00e9 d\u2019eau dont il a besoin pour que tous les organes fonctionnent ad\u00e9quatement. Les signes de d\u00e9shydratation sont la fatigue, la sensation de soif ou la bouche s\u00e8che la plupart du temps, ou de tr\u00e8s petites quantit\u00e9s d\u2019urine fonc\u00e9es\/concentr\u00e9es.<\/li><li>Essayez de siroter des liquides riches en prot\u00e9ines et en calories le jour, comme par exemple des laits frapp\u00e9s, des smoothies et du jus. Si vous pr\u00e9f\u00e9rez les breuvages chauds, vous pouvez essayer Ovaltine.<\/li><li>Try to sip fluids high in protein and calories during the day, such as milkshakes, smoothies and juice. If warm beverages are preferred, you can try Ovaltine.<\/li><li>Limitez les breuvages caf\u00e9in\u00e9s (caf\u00e9, th\u00e9, cola) ou l\u2019alcool. Ces breuvages peuvent causer la d\u00e9shydratation.<\/li><li>Buvez entre au lieu de pendant les repas. Si vous buvez en mangeant vous pourriez ressentir la sati\u00e9t\u00e9 et \u00eatre incapable de terminer votre repas.<\/li><\/ul><\/div>\n\t\t\t\t<\/div>\n\t\t\t\t\t\t\t\t<\/div>\n\t\t\t\t\t\t<\/div>\n\t\t\t\t<\/div>\n\t\t\t\t<div class=\"elementor-element elementor-element-ca2cf4e elementor-widget elementor-widget-toggle\" data-id=\"ca2cf4e\" data-element_type=\"widget\" data-e-type=\"widget\" data-widget_type=\"toggle.default\">\n\t\t\t\t<div class=\"elementor-widget-container\">\n\t\t\t\t\t\t\t<div class=\"elementor-toggle\">\n\t\t\t\t\t\t\t<div class=\"elementor-toggle-item\">\n\t\t\t\t\t<div id=\"elementor-tab-title-2111\" class=\"elementor-tab-title\" data-tab=\"1\" role=\"button\" aria-controls=\"elementor-tab-content-2111\" aria-expanded=\"false\">\n\t\t\t\t\t\t\t\t\t\t\t\t<span class=\"elementor-toggle-icon elementor-toggle-icon-left\" aria-hidden=\"true\">\n\t\t\t\t\t\t\t\t\t\t\t\t\t\t\t<span class=\"elementor-toggle-icon-closed\"><i class=\"fas fa-plus\"><\/i><\/span>\n\t\t\t\t\t\t\t\t<span class=\"elementor-toggle-icon-opened\"><i class=\"elementor-toggle-icon-opened fas fa-minus\"><\/i><\/span>\n\t\t\t\t\t\t\t\t\t\t\t\t\t<\/span>\n\t\t\t\t\t\t\t\t\t\t\t\t<a class=\"elementor-toggle-title\" tabindex=\"0\">Simplifier vos achats, la pr\u00e9paration et vos repas<\/a>\n\t\t\t\t\t<\/div>\n\n\t\t\t\t\t<div id=\"elementor-tab-content-2111\" class=\"elementor-tab-content elementor-clearfix\" data-tab=\"1\" role=\"region\" aria-labelledby=\"elementor-tab-title-2111\"><ul><li>Si le march\u00e9 d\u2019alimentation n\u2019est pas facilement accessible, pensez \u00e0 commander votre nourriture en ligne ou par t\u00e9l\u00e9phone et faites-la livrer.<\/li><li>Essayez les repas pr\u00e9par\u00e9s congel\u00e9s afin de simplifier vos achats et faciliter la pr\u00e9paration des repas.<\/li><li>L\u2019apparence de la nourriture et l\u2019endroit o\u00f9 vous mangez peut am\u00e9liorer votre app\u00e9tit \u2013 explorez diff\u00e9rentes fa\u00e7ons de pr\u00e9senter les aliments. Essayez d\u2019utiliser des assiettes plus petites afin que la quantit\u00e9 de nourriture ne vous semble \u00e9norme. Essayez diff\u00e9rentes combinaisons d\u2019aliments dans votre assiette, utilisez de jolies assiettes ou avec des motifs amusants.<\/li><li>Trouvez des fa\u00e7ons de rendre vos repas relaxants et agr\u00e9ables. Mettez de la musique ou une lumi\u00e8re tamis\u00e9e.<\/li><li>Prenez des repas avec vos amis ou des membres de votre famille lorsque c\u2019est possible. Manger avec de la compagnie peut vous aider \u00e0 appr\u00e9cier le temps du repas et vous porter \u00e0 manger davantage.<\/li><\/ul><\/div>\n\t\t\t\t<\/div>\n\t\t\t\t\t\t\t\t<\/div>\n\t\t\t\t\t\t<\/div>\n\t\t\t\t<\/div>\n\t\t\t\t<div class=\"elementor-element elementor-element-3c18096 elementor-widget elementor-widget-toggle\" data-id=\"3c18096\" data-element_type=\"widget\" data-e-type=\"widget\" data-widget_type=\"toggle.default\">\n\t\t\t\t<div class=\"elementor-widget-container\">\n\t\t\t\t\t\t\t<div class=\"elementor-toggle\">\n\t\t\t\t\t\t\t<div class=\"elementor-toggle-item\">\n\t\t\t\t\t<div id=\"elementor-tab-title-6301\" class=\"elementor-tab-title\" data-tab=\"1\" role=\"button\" aria-controls=\"elementor-tab-content-6301\" aria-expanded=\"false\">\n\t\t\t\t\t\t\t\t\t\t\t\t<span class=\"elementor-toggle-icon elementor-toggle-icon-left\" aria-hidden=\"true\">\n\t\t\t\t\t\t\t\t\t\t\t\t\t\t\t<span class=\"elementor-toggle-icon-closed\"><i class=\"fas fa-plus\"><\/i><\/span>\n\t\t\t\t\t\t\t\t<span class=\"elementor-toggle-icon-opened\"><i class=\"elementor-toggle-icon-opened fas fa-minus\"><\/i><\/span>\n\t\t\t\t\t\t\t\t\t\t\t\t\t<\/span>\n\t\t\t\t\t\t\t\t\t\t\t\t<a class=\"elementor-toggle-title\" tabindex=\"0\">Faire de l\u2019exercice<\/a>\n\t\t\t\t\t<\/div>\n\n\t\t\t\t\t<div id=\"elementor-tab-content-6301\" class=\"elementor-tab-content elementor-clearfix\" data-tab=\"1\" role=\"region\" aria-labelledby=\"elementor-tab-title-6301\"><p>Une activit\u00e9 physique r\u00e9guli\u00e8re peut am\u00e9liorer votre app\u00e9tit. Un exercice l\u00e9ger et l\u2019air frais avant un repas peuvent stimuler votre app\u00e9tit.<\/p><ul><li>C\u2019est habituellement bon de faire de l\u2019exercice pendant le traitement, mais v\u00e9rifiez d\u2019abord aupr\u00e8s de votre \u00e9quipe de soins.<\/li><li>Choisissez une activit\u00e9 ou un exercice que vous aimez faire ou que vous aimeriez essayer. Si vous pouvez int\u00e9grer l\u2019activit\u00e9 \u00e0 votre horaire sans trop de difficult\u00e9, elle sera plus facile \u00e0 pratiquer r\u00e9guli\u00e8rement.<\/li><li>\u00c9coutez votre corps - n\u2019augmentez le temps et la difficult\u00e9 de votre activit\u00e9 que lorsque vous vous sentez confortable.<\/li><li>Consultez votre \u00e9quipe de soins avant d\u2019entreprendre tout nouveau programme d\u2019exercice.<\/li><li>Pour plus de conseils nutritionnels, consultez les pages 4 \u00e0 7 de\u00a0<a href=\"https:\/\/e-impaqc.com\/wp-content\/uploads\/2020\/10\/e-IMPAQC_Devenir_actif.pdf\">Devenir actif<\/a>.<\/li><li style=\"list-style-type: none;\">\u00a0<\/li><\/ul><\/div>\n\t\t\t\t<\/div>\n\t\t\t\t\t\t\t\t<\/div>\n\t\t\t\t\t\t<\/div>\n\t\t\t\t<\/div>\n\t\t\t\t<div class=\"elementor-element elementor-element-1e7b669 elementor-widget elementor-widget-toggle\" data-id=\"1e7b669\" data-element_type=\"widget\" data-e-type=\"widget\" data-widget_type=\"toggle.default\">\n\t\t\t\t<div class=\"elementor-widget-container\">\n\t\t\t\t\t\t\t<div class=\"elementor-toggle\">\n\t\t\t\t\t\t\t<div class=\"elementor-toggle-item\">\n\t\t\t\t\t<div id=\"elementor-tab-title-3191\" class=\"elementor-tab-title\" data-tab=\"1\" role=\"button\" aria-controls=\"elementor-tab-content-3191\" aria-expanded=\"false\">\n\t\t\t\t\t\t\t\t\t\t\t\t<span class=\"elementor-toggle-icon elementor-toggle-icon-left\" aria-hidden=\"true\">\n\t\t\t\t\t\t\t\t\t\t\t\t\t\t\t<span class=\"elementor-toggle-icon-closed\"><i class=\"fas fa-plus\"><\/i><\/span>\n\t\t\t\t\t\t\t\t<span class=\"elementor-toggle-icon-opened\"><i class=\"elementor-toggle-icon-opened fas fa-minus\"><\/i><\/span>\n\t\t\t\t\t\t\t\t\t\t\t\t\t<\/span>\n\t\t\t\t\t\t\t\t\t\t\t\t<a class=\"elementor-toggle-title\" tabindex=\"0\">Obtenir du soutien<\/a>\n\t\t\t\t\t<\/div>\n\n\t\t\t\t\t<div id=\"elementor-tab-content-3191\" class=\"elementor-tab-content elementor-clearfix\" data-tab=\"1\" role=\"region\" aria-labelledby=\"elementor-tab-title-3191\"><ul><li>Ne souffrez pas en silence si l\u2019autogestion de votre perte d\u2019app\u00e9tit est trop difficile. Parlez avec votre \u00e9quipe de soins, joignez-vous \u00e0 un groupe de soutien, ou appuyez-vous sur votre famille et vos amis. Certains centres de bien-\u00eatre pour les patients atteints de cancer, tels que <a href=\"https:\/\/lespoircestlavie.ca\/\">L\u2019espoir c\u2019est la vie<\/a>, donnent des cours de cuisine.<\/li><li>Demandez \u00e0 votre famille et vos amis de vous aider \u00e0 faire vos courses ou pr\u00e9parer les repas. Il est possible que ce soit difficile de demander de l\u2019aide, particuli\u00e8rement de votre famille et vos amis. Cependant, les personnes qui vous entourent veulent souvent savoir comment elles peuvent vous aider.<\/li><li>Rappelez \u00e0 vos amis et votre famille de ne pas faire de commentaires sur ce que vous mangez et quand. Vous faites de votre mieux.<\/li><li>Pour plus de conseils nutritionnels, consultez les pages 4 \u00e0 7 de\u00a0<a href=\"https:\/\/e-impaqc.com\/wp-content\/uploads\/2020\/10\/e-IMPAQc_Obtenir-du-soutien.pdf\">Obtenir du soutien<\/a>.<\/li><li style=\"list-style-type: none;\">\u00a0<\/li><\/ul><\/div>\n\t\t\t\t<\/div>\n\t\t\t\t\t\t\t\t<\/div>\n\t\t\t\t\t\t<\/div>\n\t\t\t\t<\/div>\n\t\t\t\t<div class=\"elementor-element elementor-element-e439e26 elementor-widget elementor-widget-spacer\" data-id=\"e439e26\" data-element_type=\"widget\" data-e-type=\"widget\" data-widget_type=\"spacer.default\">\n\t\t\t\t<div class=\"elementor-widget-container\">\n\t\t\t\t\t\t\t<div class=\"elementor-spacer\">\n\t\t\t<div class=\"elementor-spacer-inner\"><\/div>\n\t\t<\/div>\n\t\t\t\t\t\t<\/div>\n\t\t\t\t<\/div>\n\t\t\t\t<div class=\"elementor-element elementor-element-01803d6 elementor-widget elementor-widget-heading\" data-id=\"01803d6\" data-element_type=\"widget\" data-e-type=\"widget\" data-widget_type=\"heading.default\">\n\t\t\t\t<div class=\"elementor-widget-container\">\n\t\t\t\t\t<h2 class=\"elementor-heading-title elementor-size-default\">Information sur cannabis\u202f\u202f<\/h2>\t\t\t\t<\/div>\n\t\t\t\t<\/div>\n\t\t\t\t<div class=\"elementor-element elementor-element-f4799ad elementor-widget elementor-widget-text-editor\" data-id=\"f4799ad\" data-element_type=\"widget\" data-e-type=\"widget\" data-widget_type=\"text-editor.default\">\n\t\t\t\t<div class=\"elementor-widget-container\">\n\t\t\t\t\t\t\t\t\t<p>Certains patients utilisent le cannabis pour r\u00e9duire leur douleur ou pour favoriser la relaxation et le sommeil. Cependant, les recherches ne sont pas encore claires sur l\u2019utilisation du cannabis pour la gestion des sympt\u00f4mes li\u00e9s au cancer. Les effets ne sont pas encore bien connus, sp\u00e9cialement concernant la perte d\u2019app\u00e9tit. Il est important d\u2019en parler avec votre m\u00e9decin avant d\u2019essayer le cannabis. Pour avoir plus d\u2019informations, visitez ce site Internet : (en anglais seulement) <a href=\"\/fr\/www.bccancer.ca\/health-info\/coping-with-cancer\/medical-cannabis\/\">www.bccancer.ca\/health-info\/coping-with-cancer\/medical-cannabis<\/a>.\u00a0<\/p>\t\t\t\t\t\t\t\t<\/div>\n\t\t\t\t<\/div>\n\t\t\t\t<div class=\"elementor-element elementor-element-1e720deb elementor-widget elementor-widget-spacer\" data-id=\"1e720deb\" data-element_type=\"widget\" data-e-type=\"widget\" data-widget_type=\"spacer.default\">\n\t\t\t\t<div class=\"elementor-widget-container\">\n\t\t\t\t\t\t\t<div class=\"elementor-spacer\">\n\t\t\t<div class=\"elementor-spacer-inner\"><\/div>\n\t\t<\/div>\n\t\t\t\t\t\t<\/div>\n\t\t\t\t<\/div>\n\t\t\t\t<div class=\"elementor-element elementor-element-6d35d01 elementor-widget elementor-widget-menu-anchor\" data-id=\"6d35d01\" data-element_type=\"widget\" data-e-type=\"widget\" data-widget_type=\"menu-anchor.default\">\n\t\t\t\t<div class=\"elementor-widget-container\">\n\t\t\t\t\t\t\t<div class=\"elementor-menu-anchor\" id=\"appetite-resources\"><\/div>\n\t\t\t\t\t\t<\/div>\n\t\t\t\t<\/div>\n\t\t\t\t<div class=\"elementor-element elementor-element-7a0711c3 elementor-widget elementor-widget-heading\" data-id=\"7a0711c3\" data-element_type=\"widget\" data-e-type=\"widget\" data-widget_type=\"heading.default\">\n\t\t\t\t<div class=\"elementor-widget-container\">\n\t\t\t\t\t<h2 class=\"elementor-heading-title elementor-size-default\">Ressources<\/h2>\t\t\t\t<\/div>\n\t\t\t\t<\/div>\n\t\t\t\t<div class=\"elementor-element elementor-element-43679536 elementor-widget elementor-widget-text-editor\" data-id=\"43679536\" data-element_type=\"widget\" data-e-type=\"widget\" data-widget_type=\"text-editor.default\">\n\t\t\t\t<div class=\"elementor-widget-container\">\n\t\t\t\t\t\t\t\t\t<p>Pour plus d\u2019information au sujet de la perte d\u2019app\u00e9tit, des strat\u00e9gies d\u2019autogestion et des organismes de soutien, veuillez consulter le tableau des ressources ci-dessous.<\/p><p><a href=\"https:\/\/www.cancer.ca\/fr-ca\/support-and-services\/resources\/publications\/?region=on\" target=\"_blank\" rel=\"noopener\">Soci\u00e9t\u00e9 canadienne du cancer - Bien s\u2019alimenter lorsqu\u2019on a le cancer<\/a><\/p><p><a href=\"https:\/\/www.cancer.ca\/fr-ca\/cancer-information\/diagnosis-and-treatment\/managing-side-effects\/loss-of-appetite\/?region=on\" target=\"_blank\" rel=\"noopener\">Soci\u00e9t\u00e9 canadienne du cancer - Perte d\u2019app\u00e9tit<\/a><\/p><p><a href=\"https:\/\/www.cancercareontario.ca\/fr\/symptom-management\/3141\" target=\"_blank\" rel=\"noopener\">Action Cancer Ontario - Comment g\u00e9rer la perte d\u2019app\u00e9tit<\/a><\/p><p><a href=\"https:\/\/www.cancer.gov\/about-cancer\/treatment\/side-effects\/appetite-loss\/nutrition-pdq\">National Cancer Institute &#8211; Nutrition in Cancer Care<\/a><\/p><p><a href=\"https:\/\/cancerquebec.ca\/wp-content\/uploads\/2023\/05\/Brochure_Bien_manger_pour_mieux_vivre.pdf\" target=\"_blank\" rel=\"noopener\">Fondation qu\u00e9b\u00e9coise du cancer - Bien manger pour mieux vivre<\/a><\/p>\t\t\t\t\t\t\t\t<\/div>\n\t\t\t\t<\/div>\n\t\t\t\t<div class=\"elementor-element elementor-element-4f007ef elementor-widget elementor-widget-html\" data-id=\"4f007ef\" data-element_type=\"widget\" data-e-type=\"widget\" data-widget_type=\"html.default\">\n\t\t\t\t<div class=\"elementor-widget-container\">\n\t\t\t\t\t<style>.elementor-element-4f007ef{display:none !important}<\/style>\t\t\t\t<\/div>\n\t\t\t\t<\/div>\n\t\t\t\t<div class=\"elementor-element elementor-element-f1ee3cc elementor-widget elementor-widget-html\" data-id=\"f1ee3cc\" data-element_type=\"widget\" data-e-type=\"widget\" data-widget_type=\"html.default\">\n\t\t\t\t<div class=\"elementor-widget-container\">\n\t\t\t\t\t<iframe width=\"560\" height=\"300\" src=\"https:\/\/csl.cancer.ca\/fr\/WidgetMD\" frameborder=\"0\"><\/iframe>\t\t\t\t<\/div>\n\t\t\t\t<\/div>\n\t\t\t\t<div class=\"elementor-element elementor-element-5ed4ec3d elementor-widget elementor-widget-heading\" data-id=\"5ed4ec3d\" data-element_type=\"widget\" data-e-type=\"widget\" data-widget_type=\"heading.default\">\n\t\t\t\t<div class=\"elementor-widget-container\">\n\t\t\t\t\t<h2 class=\"elementor-heading-title elementor-size-default\">Sources de r\u00e9f\u00e9rence<\/h2>\t\t\t\t<\/div>\n\t\t\t\t<\/div>\n\t\t\t\t<div class=\"elementor-element elementor-element-78d0ce86 elementor-widget elementor-widget-text-editor\" data-id=\"78d0ce86\" data-element_type=\"widget\" data-e-type=\"widget\" data-widget_type=\"text-editor.default\">\n\t\t\t\t<div class=\"elementor-widget-container\">\n\t\t\t\t\t\t\t\t\t<p>Le contenu de ce document a \u00e9t\u00e9 adapt\u00e9 \u00e0 partir des sources suivantes :<\/p><ul><li>Soci\u00e9t\u00e9 canadienne du cancer. Bien s\u2019alimenter lorsqu\u2019on a le cancer. 2019.<\/li><li>Soci\u00e9t\u00e9 canadienne du cancer. Perte d\u2019app\u00e9tit. 2020.<\/li><li>Cancer Care Ontario. How to Manage Loss of Appetite. 2016.<\/li><li>COSTaRS. Loss of Appetite. 2020.<\/li><li>Conserver l\u2019app\u00e9tit et la sant\u00e9 lors d\u2019un traitement du cancer. 2016.<\/li><li>Fondation qu\u00e9b\u00e9coise du cancer. Bien manger pour mieux vivre. 2009.<\/li><li>BC Cancer Agency. Loss of Appetite.<\/li><li>COSTaRS. Appetite Loss. 2016.<\/li><li>CHUM. Nutrition clinique &#8211; alimentation enrichie avec texture modifi\u00e9e. 2018.<\/li><\/ul>\t\t\t\t\t\t\t\t<\/div>\n\t\t\t\t<\/div>\n\t\t\t\t\t<\/div>\n\t\t<\/div>\n\t\t\t\t\t<\/div>\n\t\t<\/section>\n\t\t\t\t<section class=\"elementor-section elementor-top-section elementor-element elementor-element-ecbd65c elementor-section-stretched elementor-section-boxed elementor-section-height-default elementor-section-height-default\" data-id=\"ecbd65c\" data-element_type=\"section\" data-e-type=\"section\" data-settings=\"{&quot;stretch_section&quot;:&quot;section-stretched&quot;,&quot;background_background&quot;:&quot;classic&quot;}\">\n\t\t\t\t\t\t<div class=\"elementor-container elementor-column-gap-default\">\n\t\t\t\t\t<div class=\"elementor-column elementor-col-100 elementor-top-column elementor-element elementor-element-203c4e40\" data-id=\"203c4e40\" data-element_type=\"column\" data-e-type=\"column\">\n\t\t\t<div class=\"elementor-widget-wrap elementor-element-populated\">\n\t\t\t\t\t\t<div class=\"elementor-element elementor-element-3d742dc7 elementor-widget-divider--view-line elementor-widget elementor-widget-divider\" data-id=\"3d742dc7\" data-element_type=\"widget\" data-e-type=\"widget\" data-widget_type=\"divider.default\">\n\t\t\t\t<div class=\"elementor-widget-container\">\n\t\t\t\t\t\t\t<div class=\"elementor-divider\">\n\t\t\t<span class=\"elementor-divider-separator\">\n\t\t\t\t\t\t<\/span>\n\t\t<\/div>\n\t\t\t\t\t\t<\/div>\n\t\t\t\t<\/div>\n\t\t\t\t\t<\/div>\n\t\t<\/div>\n\t\t\t\t\t<\/div>\n\t\t<\/section>\n\t\t\t\t<section class=\"elementor-section elementor-top-section elementor-element elementor-element-657f7ec4 elementor-section-stretched elementor-section-boxed elementor-section-height-default elementor-section-height-default\" data-id=\"657f7ec4\" data-element_type=\"section\" data-e-type=\"section\" data-settings=\"{&quot;stretch_section&quot;:&quot;section-stretched&quot;}\">\n\t\t\t\t\t\t<div class=\"elementor-container elementor-column-gap-default\">\n\t\t\t\t\t<div class=\"elementor-column elementor-col-100 elementor-top-column elementor-element elementor-element-163842ed\" data-id=\"163842ed\" data-element_type=\"column\" data-e-type=\"column\">\n\t\t\t<div class=\"elementor-widget-wrap elementor-element-populated\">\n\t\t\t\t\t\t<div class=\"elementor-element elementor-element-72554b6c elementor-widget elementor-widget-heading\" data-id=\"72554b6c\" data-element_type=\"widget\" data-e-type=\"widget\" data-widget_type=\"heading.default\">\n\t\t\t\t<div class=\"elementor-widget-container\">\n\t\t\t\t\t<h2 class=\"elementor-heading-title elementor-size-default\">Approbation des professionnels de la sant\u00e9<\/h2>\t\t\t\t<\/div>\n\t\t\t\t<\/div>\n\t\t\t\t<div class=\"elementor-element elementor-element-4dfb446e elementor-widget elementor-widget-text-editor\" data-id=\"4dfb446e\" data-element_type=\"widget\" data-e-type=\"widget\" data-widget_type=\"text-editor.default\">\n\t\t\t\t<div class=\"elementor-widget-container\">\n\t\t\t\t\t\t\t\t\t<p>Le contenu de ce document a \u00e9t\u00e9 r\u00e9vis\u00e9 et approuv\u00e9 par une \u00e9quipe de professionnels de la sant\u00e9 et d'experts cliniques.<\/p>\t\t\t\t\t\t\t\t<\/div>\n\t\t\t\t<\/div>\n\t\t\t\t<div class=\"elementor-element elementor-element-22cbaf83 elementor-widget elementor-widget-heading\" data-id=\"22cbaf83\" data-element_type=\"widget\" data-e-type=\"widget\" data-widget_type=\"heading.default\">\n\t\t\t\t<div class=\"elementor-widget-container\">\n\t\t\t\t\t<h2 class=\"elementor-heading-title elementor-size-default\">Avis de non-responsabilit\u00e9<\/h2>\t\t\t\t<\/div>\n\t\t\t\t<\/div>\n\t\t\t\t<div class=\"elementor-element elementor-element-161de3ae elementor-widget elementor-widget-text-editor\" data-id=\"161de3ae\" data-element_type=\"widget\" data-e-type=\"widget\" data-widget_type=\"text-editor.default\">\n\t\t\t\t<div class=\"elementor-widget-container\">\n\t\t\t\t\t\t\t\t\t<p class=\"translation-block\">Veuillez noter que ce feuillet d\u2019information ne remplace pas une consultation avec un professionnel de la sant\u00e9. Il a plut\u00f4t \u00e9t\u00e9 con\u00e7ue pour compl\u00e9menter les interventions de votre \u00e9quipe soignante. Si vous avez des questions au sujet de votre sant\u00e9, ou de tout probl\u00e8me m\u00e9dical, vous devez communiquer imm\u00e9diatement avec un professionnel de la sant\u00e9. Vous ne devez pas tarder avant d\u2019obtenir un avis m\u00e9dical ni ignorer un avis m\u00e9dical professionnel, en raison des informations contenues dans ce feuillet d\u2019information. Avant d\u2019entamer un traitement m\u00e9dical, consultez toujours votre m\u00e9decin. Toutes les pr\u00e9cautions ont \u00e9t\u00e9 prises pour s\u2019assurer que les informations contenues dans ce document soient exactes au moment de leurs publication. e-IMPAQc n\u2019est pas responsable des blessures ou des dommages aux personnes ou aux biens r\u00e9sultant ou li\u00e9s \u00e0 l\u2019utilisation de la fiche d\u2019information, ou en raison d\u2019erreurs ou d\u2019omissions.<\/p>\t\t\t\t\t\t\t\t<\/div>\n\t\t\t\t<\/div>\n\t\t\t\t<div class=\"elementor-element elementor-element-241719a1 elementor-widget elementor-widget-heading\" data-id=\"241719a1\" data-element_type=\"widget\" data-e-type=\"widget\" data-widget_type=\"heading.default\">\n\t\t\t\t<div class=\"elementor-widget-container\">\n\t\t\t\t\t<h2 class=\"elementor-heading-title elementor-size-default\">Note concernant la reproduction et droits d'auteur<\/h2>\t\t\t\t<\/div>\n\t\t\t\t<\/div>\n\t\t\t\t<div class=\"elementor-element elementor-element-6fe16ece elementor-widget elementor-widget-text-editor\" data-id=\"6fe16ece\" data-element_type=\"widget\" data-e-type=\"widget\" data-widget_type=\"text-editor.default\">\n\t\t\t\t<div class=\"elementor-widget-container\">\n\t\t\t\t\t\t\t\t\t<p>Toute reproduction ou diffusion de cette page web, en tout ou en partie, est interdite sans, au pr\u00e9alable, avoir obtenu l\u2019autorisation \u00e9crite du responsable du projet e-IMPAQc. L\u2019autorisation peut \u00eatre obtenue en \u00e9crivant\u00a0<a href=\"mailto:e.impaqc.comtl@ssss.gouv.qc.ca\">e.impaqc.comtl@ssss.gouv.qc.ca<\/a>.<\/p>\t\t\t\t\t\t\t\t<\/div>\n\t\t\t\t<\/div>\n\t\t\t\t\t<\/div>\n\t\t<\/div>\n\t\t\t\t\t<\/div>\n\t\t<\/section>\n\t\t\t\t<\/div>","protected":false},"excerpt":{"rendered":"<p>Loss of appetite PDF version After treatment I just didn\u2019t want to eat. I knew that I had to eat some thing to keep up my strength, but it definitely wasn\u2019t easy. Margaret Diagnosed with breast cancer What is cancer-related loss of appetite? Loss of appetite is described as the loss of the desire to [&hellip;]<\/p>\n","protected":false},"author":1,"featured_media":0,"parent":0,"menu_order":0,"comment_status":"closed","ping_status":"closed","template":"","meta":{"_monsterinsights_skip_tracking":false,"_monsterinsights_sitenote_active":false,"_monsterinsights_sitenote_note":"","_monsterinsights_sitenote_category":0,"ocean_post_layout":"full-width","ocean_both_sidebars_style":"","ocean_both_sidebars_content_width":0,"ocean_both_sidebars_sidebars_width":0,"ocean_sidebar":"0","ocean_second_sidebar":"0","ocean_disable_margins":"on","ocean_add_body_class":"","ocean_shortcode_before_top_bar":"","ocean_shortcode_after_top_bar":"","ocean_shortcode_before_header":"","ocean_shortcode_after_header":"","ocean_has_shortcode":"","ocean_shortcode_after_title":"","ocean_shortcode_before_footer_widgets":"","ocean_shortcode_after_footer_widgets":"","ocean_shortcode_before_footer_bottom":"","ocean_shortcode_after_footer_bottom":"","ocean_display_top_bar":"off","ocean_display_header":"default","ocean_header_style":"","ocean_center_header_left_menu":"0","ocean_custom_header_template":"0","ocean_custom_logo":0,"ocean_custom_retina_logo":0,"ocean_custom_logo_max_width":0,"ocean_custom_logo_tablet_max_width":0,"ocean_custom_logo_mobile_max_width":0,"ocean_custom_logo_max_height":0,"ocean_custom_logo_tablet_max_height":0,"ocean_custom_logo_mobile_max_height":0,"ocean_header_custom_menu":"0","ocean_menu_typo_font_family":"0","ocean_menu_typo_font_subset":"","ocean_menu_typo_font_size":0,"ocean_menu_typo_font_size_tablet":0,"ocean_menu_typo_font_size_mobile":0,"ocean_menu_typo_font_size_unit":"px","ocean_menu_typo_font_weight":"","ocean_menu_typo_font_weight_tablet":"","ocean_menu_typo_font_weight_mobile":"","ocean_menu_typo_transform":"","ocean_menu_typo_transform_tablet":"","ocean_menu_typo_transform_mobile":"","ocean_menu_typo_line_height":0,"ocean_menu_typo_line_height_tablet":0,"ocean_menu_typo_line_height_mobile":0,"ocean_menu_typo_line_height_unit":"","ocean_menu_typo_spacing":0,"ocean_menu_typo_spacing_tablet":0,"ocean_menu_typo_spacing_mobile":0,"ocean_menu_typo_spacing_unit":"","ocean_menu_link_color":"","ocean_menu_link_color_hover":"","ocean_menu_link_color_active":"","ocean_menu_link_background":"","ocean_menu_link_hover_background":"","ocean_menu_link_active_background":"","ocean_menu_social_links_bg":"","ocean_menu_social_hover_links_bg":"","ocean_menu_social_links_color":"","ocean_menu_social_hover_links_color":"","ocean_disable_title":"on","ocean_disable_heading":"default","ocean_post_title":"","ocean_post_subheading":"","ocean_post_title_style":"","ocean_post_title_background_color":"","ocean_post_title_background":0,"ocean_post_title_bg_image_position":"","ocean_post_title_bg_image_attachment":"","ocean_post_title_bg_image_repeat":"","ocean_post_title_bg_image_size":"","ocean_post_title_height":0,"ocean_post_title_bg_overlay":0.5,"ocean_post_title_bg_overlay_color":"","ocean_disable_breadcrumbs":"default","ocean_breadcrumbs_color":"","ocean_breadcrumbs_separator_color":"","ocean_breadcrumbs_links_color":"","ocean_breadcrumbs_links_hover_color":"","ocean_display_footer_widgets":"default","ocean_display_footer_bottom":"default","ocean_custom_footer_template":"0","footnotes":""},"class_list":["post-2875","page","type-page","status-publish","hentry","entry"],"yoast_head":"<!-- This site is optimized with the Yoast SEO plugin v27.4 - https:\/\/yoast.com\/product\/yoast-seo-wordpress\/ -->\n<title>Loss of appetite - e-IMPAQc<\/title>\n<meta name=\"robots\" content=\"index, follow, max-snippet:-1, max-image-preview:large, max-video-preview:-1\" \/>\n<link rel=\"canonical\" href=\"https:\/\/e-impaqc.com\/fr\/perte-d-appetit\/\" \/>\n<meta property=\"og:locale\" content=\"fr_CA\" \/>\n<meta property=\"og:type\" content=\"article\" \/>\n<meta property=\"og:title\" content=\"Loss of appetite - e-IMPAQc\" \/>\n<meta property=\"og:description\" content=\"Loss of appetite PDF version After treatment I just didn\u2019t want to eat. I knew that I had to eat some thing to keep up my strength, but it definitely wasn\u2019t easy. Margaret Diagnosed with breast cancer What is cancer-related loss of appetite? Loss of appetite is described as the loss of the desire to [&hellip;]\" \/>\n<meta property=\"og:url\" content=\"https:\/\/e-impaqc.com\/fr\/perte-d-appetit\/\" \/>\n<meta property=\"og:site_name\" content=\"e-IMPAQc\" \/>\n<meta property=\"article:publisher\" content=\"https:\/\/www.facebook.com\/eIMPAQc\/\" \/>\n<meta property=\"article:modified_time\" content=\"2024-07-12T18:02:31+00:00\" \/>\n<meta property=\"og:image\" content=\"https:\/\/e-impaqc.com\/wp-content\/uploads\/2020\/12\/margaret.png\" \/>\n<meta name=\"twitter:card\" content=\"summary_large_image\" \/>\n<meta name=\"twitter:site\" content=\"@eIMPAQc\" \/>\n<meta name=\"twitter:label1\" content=\"Estimation du temps de lecture\" \/>\n\t<meta name=\"twitter:data1\" content=\"10 minutes\" \/>\n<script type=\"application\/ld+json\" class=\"yoast-schema-graph\">{\"@context\":\"https:\\\/\\\/schema.org\",\"@graph\":[{\"@type\":\"WebPage\",\"@id\":\"https:\\\/\\\/e-impaqc.com\\\/loss-of-appetite\\\/\",\"url\":\"https:\\\/\\\/e-impaqc.com\\\/loss-of-appetite\\\/\",\"name\":\"Loss of appetite - e-IMPAQc\",\"isPartOf\":{\"@id\":\"https:\\\/\\\/e-impaqc.com\\\/fr\\\/#website\"},\"primaryImageOfPage\":{\"@id\":\"https:\\\/\\\/e-impaqc.com\\\/loss-of-appetite\\\/#primaryimage\"},\"image\":{\"@id\":\"https:\\\/\\\/e-impaqc.com\\\/loss-of-appetite\\\/#primaryimage\"},\"thumbnailUrl\":\"https:\\\/\\\/e-impaqc.com\\\/wp-content\\\/uploads\\\/2020\\\/12\\\/margaret.png\",\"datePublished\":\"2020-08-19T18:24:36+00:00\",\"dateModified\":\"2024-07-12T18:02:31+00:00\",\"breadcrumb\":{\"@id\":\"https:\\\/\\\/e-impaqc.com\\\/loss-of-appetite\\\/#breadcrumb\"},\"inLanguage\":\"fr-CA\",\"potentialAction\":[{\"@type\":\"ReadAction\",\"target\":[\"https:\\\/\\\/e-impaqc.com\\\/loss-of-appetite\\\/\"]}]},{\"@type\":\"ImageObject\",\"inLanguage\":\"fr-CA\",\"@id\":\"https:\\\/\\\/e-impaqc.com\\\/loss-of-appetite\\\/#primaryimage\",\"url\":\"https:\\\/\\\/e-impaqc.com\\\/wp-content\\\/uploads\\\/2020\\\/12\\\/margaret.png\",\"contentUrl\":\"https:\\\/\\\/e-impaqc.com\\\/wp-content\\\/uploads\\\/2020\\\/12\\\/margaret.png\"},{\"@type\":\"BreadcrumbList\",\"@id\":\"https:\\\/\\\/e-impaqc.com\\\/loss-of-appetite\\\/#breadcrumb\",\"itemListElement\":[{\"@type\":\"ListItem\",\"position\":1,\"name\":\"Home\",\"item\":\"https:\\\/\\\/e-impaqc.com\\\/\"},{\"@type\":\"ListItem\",\"position\":2,\"name\":\"Loss of appetite\"}]},{\"@type\":\"WebSite\",\"@id\":\"https:\\\/\\\/e-impaqc.com\\\/fr\\\/#website\",\"url\":\"https:\\\/\\\/e-impaqc.com\\\/fr\\\/\",\"name\":\"e-IMPAQc\",\"description\":\"Tools to monitor symptoms of cancer\",\"publisher\":{\"@id\":\"https:\\\/\\\/e-impaqc.com\\\/fr\\\/#organization\"},\"potentialAction\":[{\"@type\":\"SearchAction\",\"target\":{\"@type\":\"EntryPoint\",\"urlTemplate\":\"https:\\\/\\\/e-impaqc.com\\\/fr\\\/?s={search_term_string}\"},\"query-input\":{\"@type\":\"PropertyValueSpecification\",\"valueRequired\":true,\"valueName\":\"search_term_string\"}}],\"inLanguage\":\"fr-CA\"},{\"@type\":\"Organization\",\"@id\":\"https:\\\/\\\/e-impaqc.com\\\/fr\\\/#organization\",\"name\":\"e-IMPAQc\",\"url\":\"https:\\\/\\\/e-impaqc.com\\\/fr\\\/\",\"logo\":{\"@type\":\"ImageObject\",\"inLanguage\":\"fr-CA\",\"@id\":\"https:\\\/\\\/e-impaqc.com\\\/fr\\\/#\\\/schema\\\/logo\\\/image\\\/\",\"url\":\"https:\\\/\\\/e-impaqc.com\\\/wp-content\\\/uploads\\\/2019\\\/11\\\/e-IMPAQc_logo_high_def_1.png\",\"contentUrl\":\"https:\\\/\\\/e-impaqc.com\\\/wp-content\\\/uploads\\\/2019\\\/11\\\/e-IMPAQc_logo_high_def_1.png\",\"width\":2000,\"height\":2170,\"caption\":\"e-IMPAQc\"},\"image\":{\"@id\":\"https:\\\/\\\/e-impaqc.com\\\/fr\\\/#\\\/schema\\\/logo\\\/image\\\/\"},\"sameAs\":[\"https:\\\/\\\/www.facebook.com\\\/eIMPAQc\\\/\",\"https:\\\/\\\/x.com\\\/eIMPAQc\"]}]}<\/script>\n<!-- \/ Yoast SEO plugin. -->","yoast_head_json":{"title":"La perte d'app\u00e9tit - e-IMPAQc","robots":{"index":"index","follow":"follow","max-snippet":"max-snippet:-1","max-image-preview":"max-image-preview:large","max-video-preview":"max-video-preview:-1"},"canonical":"https:\/\/e-impaqc.com\/fr\/perte-d-appetit\/","og_locale":"fr_CA","og_type":"article","og_title":"Loss of appetite - e-IMPAQc","og_description":"Loss of appetite PDF version After treatment I just didn\u2019t want to eat. I knew that I had to eat some thing to keep up my strength, but it definitely wasn\u2019t easy. Margaret Diagnosed with breast cancer What is cancer-related loss of appetite? Loss of appetite is described as the loss of the desire to [&hellip;]","og_url":"https:\/\/e-impaqc.com\/fr\/perte-d-appetit\/","og_site_name":"e-IMPAQc","article_publisher":"https:\/\/www.facebook.com\/eIMPAQc\/","article_modified_time":"2024-07-12T18:02:31+00:00","og_image":[{"url":"https:\/\/e-impaqc.com\/wp-content\/uploads\/2020\/12\/margaret.png","type":"","width":"","height":""}],"twitter_card":"summary_large_image","twitter_site":"@eIMPAQc","twitter_misc":{"Estimation du temps de lecture":"10 minutes"},"schema":{"@context":"https:\/\/schema.org","@graph":[{"@type":"WebPage","@id":"https:\/\/e-impaqc.com\/loss-of-appetite\/","url":"https:\/\/e-impaqc.com\/loss-of-appetite\/","name":"La perte d'app\u00e9tit - e-IMPAQc","isPartOf":{"@id":"https:\/\/e-impaqc.com\/fr\/#website"},"primaryImageOfPage":{"@id":"https:\/\/e-impaqc.com\/loss-of-appetite\/#primaryimage"},"image":{"@id":"https:\/\/e-impaqc.com\/loss-of-appetite\/#primaryimage"},"thumbnailUrl":"https:\/\/e-impaqc.com\/wp-content\/uploads\/2020\/12\/margaret.png","datePublished":"2020-08-19T18:24:36+00:00","dateModified":"2024-07-12T18:02:31+00:00","breadcrumb":{"@id":"https:\/\/e-impaqc.com\/loss-of-appetite\/#breadcrumb"},"inLanguage":"fr-CA","potentialAction":[{"@type":"ReadAction","target":["https:\/\/e-impaqc.com\/loss-of-appetite\/"]}]},{"@type":"ImageObject","inLanguage":"fr-CA","@id":"https:\/\/e-impaqc.com\/loss-of-appetite\/#primaryimage","url":"https:\/\/e-impaqc.com\/wp-content\/uploads\/2020\/12\/margaret.png","contentUrl":"https:\/\/e-impaqc.com\/wp-content\/uploads\/2020\/12\/margaret.png"},{"@type":"BreadcrumbList","@id":"https:\/\/e-impaqc.com\/loss-of-appetite\/#breadcrumb","itemListElement":[{"@type":"ListItem","position":1,"name":"Home","item":"https:\/\/e-impaqc.com\/"},{"@type":"ListItem","position":2,"name":"Loss of appetite"}]},{"@type":"WebSite","@id":"https:\/\/e-impaqc.com\/fr\/#website","url":"https:\/\/e-impaqc.com\/fr\/","name":"e-IMPAQc","description":"Tools to monitor symptoms of cancer","publisher":{"@id":"https:\/\/e-impaqc.com\/fr\/#organization"},"potentialAction":[{"@type":"SearchAction","target":{"@type":"EntryPoint","urlTemplate":"https:\/\/e-impaqc.com\/fr\/?s={search_term_string}"},"query-input":{"@type":"PropertyValueSpecification","valueRequired":true,"valueName":"search_term_string"}}],"inLanguage":"fr-CA"},{"@type":"Organization","@id":"https:\/\/e-impaqc.com\/fr\/#organization","name":"e-IMPAQc","url":"https:\/\/e-impaqc.com\/fr\/","logo":{"@type":"ImageObject","inLanguage":"fr-CA","@id":"https:\/\/e-impaqc.com\/fr\/#\/schema\/logo\/image\/","url":"https:\/\/e-impaqc.com\/wp-content\/uploads\/2019\/11\/e-IMPAQc_logo_high_def_1.png","contentUrl":"https:\/\/e-impaqc.com\/wp-content\/uploads\/2019\/11\/e-IMPAQc_logo_high_def_1.png","width":2000,"height":2170,"caption":"e-IMPAQc"},"image":{"@id":"https:\/\/e-impaqc.com\/fr\/#\/schema\/logo\/image\/"},"sameAs":["https:\/\/www.facebook.com\/eIMPAQc\/","https:\/\/x.com\/eIMPAQc"]}]}},"_links":{"self":[{"href":"https:\/\/e-impaqc.com\/fr\/wp-json\/wp\/v2\/pages\/2875","targetHints":{"allow":["GET"]}}],"collection":[{"href":"https:\/\/e-impaqc.com\/fr\/wp-json\/wp\/v2\/pages"}],"about":[{"href":"https:\/\/e-impaqc.com\/fr\/wp-json\/wp\/v2\/types\/page"}],"author":[{"embeddable":true,"href":"https:\/\/e-impaqc.com\/fr\/wp-json\/wp\/v2\/users\/1"}],"replies":[{"embeddable":true,"href":"https:\/\/e-impaqc.com\/fr\/wp-json\/wp\/v2\/comments?post=2875"}],"version-history":[{"count":89,"href":"https:\/\/e-impaqc.com\/fr\/wp-json\/wp\/v2\/pages\/2875\/revisions"}],"predecessor-version":[{"id":9555,"href":"https:\/\/e-impaqc.com\/fr\/wp-json\/wp\/v2\/pages\/2875\/revisions\/9555"}],"wp:attachment":[{"href":"https:\/\/e-impaqc.com\/fr\/wp-json\/wp\/v2\/media?parent=2875"}],"curies":[{"name":"wp","href":"https:\/\/api.w.org\/{rel}","templated":true}]}}